{"id":303,"date":"2026-03-04T09:23:30","date_gmt":"2026-03-04T09:23:30","guid":{"rendered":"https:\/\/redaccionjuvenil.es\/?page_id=303"},"modified":"2026-04-27T08:03:35","modified_gmt":"2026-04-27T08:03:35","slug":"asociaciones","status":"publish","type":"page","link":"https:\/\/redaccionjuvenil.es\/?page_id=303","title":{"rendered":"Asociaciones"},"content":{"rendered":"\n<p>Redacci\u00f3n Juvenil no se entiende sin las asociaciones y programas juveniles con los que colaboramos. Este proyecto nace del trabajo conjunto entre estudiantes y colectivos reales que dinamizan la vida social, cultural y comunitaria de la juventud.<\/p>\n\n\n\n<p>En esta secci\u00f3n presentamos a las entidades que forman parte de nuestra red: asociaciones que impulsan iniciativas solidarias, culturales, educativas, medioambientales o de participaci\u00f3n ciudadana. Con ellas trabajamos de manera directa, escuchando sus necesidades comunicativas y dando visibilidad a sus proyectos, actividades e inquietudes.<\/p>\n\n\n\n<p>Creemos en una comunicaci\u00f3n construida en colaboraci\u00f3n. Por eso, m\u00e1s que hablar <em>sobre<\/em> las asociaciones, trabajamos <em>con<\/em> ellas. Este espacio es una ventana abierta a su labor y una invitaci\u00f3n a participar.<\/p>\n\n\n\n<div class=\"wp-block-columns is-layout-flex wp-container-core-columns-is-layout-9d6595d7 wp-block-columns-is-layout-flex\">\n<div class=\"wp-block-column is-layout-flow wp-block-column-is-layout-flow\">\n<h2 class=\"wp-block-heading has-text-align-center\"><a href=\"https:\/\/redaccionjuvenil.es\/?page_id=323\">ASPAYM JUVENTUD<\/a><\/h2>\n\n\n<div class=\"wp-block-image\">\n<figure class=\"aligncenter size-full\"><a href=\"https:\/\/redaccionjuvenil.es\/?page_id=323\"><img loading=\"lazy\" decoding=\"async\" width=\"512\" height=\"238\" src=\"https:\/\/redaccionjuvenil.es\/wp-content\/uploads\/2026\/03\/logo_juventud-1024x477-2.png\" alt=\"\" class=\"wp-image-312\" style=\"aspect-ratio:2.1512822587169325\" srcset=\"https:\/\/redaccionjuvenil.es\/wp-content\/uploads\/2026\/03\/logo_juventud-1024x477-2.png 512w, https:\/\/redaccionjuvenil.es\/wp-content\/uploads\/2026\/03\/logo_juventud-1024x477-2-300x139.png 300w\" sizes=\"auto, (max-width: 512px) 100vw, 512px\" \/><\/a><\/figure>\n<\/div><\/div>\n\n\n\n<div class=\"wp-block-column is-layout-flow wp-block-column-is-layout-flow\">\n<h2 class=\"wp-block-heading has-text-align-center\"><a href=\"https:\/\/redaccionjuvenil.es\/?page_id=327\">ASDE EXPLORADORES<\/a><\/h2>\n\n\n<div class=\"wp-block-image\">\n<figure class=\"aligncenter size-full is-resized\"><a href=\"https:\/\/redaccionjuvenil.es\/?page_id=327\"><img loading=\"lazy\" decoding=\"async\" width=\"854\" height=\"854\" src=\"https:\/\/redaccionjuvenil.es\/wp-content\/uploads\/2026\/03\/Logo-ASDE-CyL-1.jpg\" alt=\"\" class=\"wp-image-311\" style=\"width:185px;height:auto\" srcset=\"https:\/\/redaccionjuvenil.es\/wp-content\/uploads\/2026\/03\/Logo-ASDE-CyL-1.jpg 854w, https:\/\/redaccionjuvenil.es\/wp-content\/uploads\/2026\/03\/Logo-ASDE-CyL-1-300x300.jpg 300w, https:\/\/redaccionjuvenil.es\/wp-content\/uploads\/2026\/03\/Logo-ASDE-CyL-1-150x150.jpg 150w, https:\/\/redaccionjuvenil.es\/wp-content\/uploads\/2026\/03\/Logo-ASDE-CyL-1-768x768.jpg 768w\" sizes=\"auto, (max-width: 854px) 100vw, 854px\" \/><\/a><\/figure>\n<\/div><\/div>\n<\/div>\n\n\n\n<hr class=\"wp-block-separator has-alpha-channel-opacity\"\/>\n\n\n\n<div class=\"wp-block-columns is-layout-flex wp-container-core-columns-is-layout-9d6595d7 wp-block-columns-is-layout-flex\">\n<div class=\"wp-block-column is-layout-flow wp-block-column-is-layout-flow\">\n<h2 class=\"wp-block-heading has-text-align-center\"><a href=\"https:\/\/redaccionjuvenil.es\/?page_id=332\">FEDERACI\u00d3N DE CENTROS JUVENILES DON BOSCO<\/a><\/h2>\n\n\n<div class=\"wp-block-image\">\n<figure class=\"aligncenter size-medium is-resized\"><img loading=\"lazy\" decoding=\"async\" width=\"300\" height=\"143\" src=\"https:\/\/redaccionjuvenil.es\/wp-content\/uploads\/2026\/04\/Logo-Don-Bosco-300x143.jpg\" alt=\"\" class=\"wp-image-939\" style=\"aspect-ratio:2.1512822587169325;object-fit:contain;width:341px;height:auto\" srcset=\"https:\/\/redaccionjuvenil.es\/wp-content\/uploads\/2026\/04\/Logo-Don-Bosco-300x143.jpg 300w, https:\/\/redaccionjuvenil.es\/wp-content\/uploads\/2026\/04\/Logo-Don-Bosco.jpg 639w\" sizes=\"auto, (max-width: 300px) 100vw, 300px\" \/><\/figure>\n<\/div><\/div>\n\n\n\n<div class=\"wp-block-column is-layout-flow wp-block-column-is-layout-flow\">\n<h2 class=\"wp-block-heading has-text-align-center\"><a href=\"https:\/\/redaccionjuvenil.es\/?page_id=325\">MSC SCOUTS<\/a><\/h2>\n\n\n<div class=\"wp-block-image\">\n<figure class=\"aligncenter size-full is-resized\"><a href=\"https:\/\/redaccionjuvenil.es\/?page_id=325\"><img loading=\"lazy\" decoding=\"async\" width=\"225\" height=\"225\" src=\"https:\/\/redaccionjuvenil.es\/wp-content\/uploads\/2026\/03\/images-1.png\" alt=\"\" class=\"wp-image-314\" style=\"width:179px;height:auto\" srcset=\"https:\/\/redaccionjuvenil.es\/wp-content\/uploads\/2026\/03\/images-1.png 225w, https:\/\/redaccionjuvenil.es\/wp-content\/uploads\/2026\/03\/images-1-150x150.png 150w\" sizes=\"auto, (max-width: 225px) 100vw, 225px\" \/><\/a><\/figure>\n<\/div><\/div>\n<\/div>\n\n\n\n<hr class=\"wp-block-separator has-alpha-channel-opacity\"\/>\n\n\n\n<div class=\"wp-block-columns is-layout-flex wp-container-core-columns-is-layout-9d6595d7 wp-block-columns-is-layout-flex\">\n<div class=\"wp-block-column is-layout-flow wp-block-column-is-layout-flow\">\n<h2 class=\"wp-block-heading has-text-align-center\"><a href=\"https:\/\/redaccionjuvenil.es\/?page_id=320\">CJCYL<\/a><\/h2>\n\n\n<div class=\"wp-block-image\">\n<figure class=\"aligncenter size-medium is-resized\"><a href=\"https:\/\/redaccionjuvenil.es\/?page_id=320\"><img loading=\"lazy\" decoding=\"async\" width=\"300\" height=\"157\" src=\"https:\/\/redaccionjuvenil.es\/wp-content\/uploads\/2026\/03\/logo-cjcyl-h-300x157.png\" alt=\"\" class=\"wp-image-309\" style=\"aspect-ratio:2.1512822587169325;object-fit:contain;width:307px;height:auto\" srcset=\"https:\/\/redaccionjuvenil.es\/wp-content\/uploads\/2026\/03\/logo-cjcyl-h-300x157.png 300w, https:\/\/redaccionjuvenil.es\/wp-content\/uploads\/2026\/03\/logo-cjcyl-h.png 432w\" sizes=\"auto, (max-width: 300px) 100vw, 300px\" \/><\/a><\/figure>\n<\/div><\/div>\n\n\n\n<div class=\"wp-block-column is-layout-flow wp-block-column-is-layout-flow\">\n<h2 class=\"wp-block-heading has-text-align-center\"><a href=\"https:\/\/redaccionjuvenil.es\/?page_id=329\">YMCA<\/a><\/h2>\n\n\n<div class=\"wp-block-image\">\n<figure class=\"aligncenter size-full is-resized\"><a href=\"https:\/\/redaccionjuvenil.es\/?page_id=329\"><img loading=\"lazy\" decoding=\"async\" width=\"375\" height=\"314\" src=\"https:\/\/redaccionjuvenil.es\/wp-content\/uploads\/2026\/03\/ymca_logo-1.png\" alt=\"\" class=\"wp-image-316\" style=\"aspect-ratio:1.1943286071726438;width:237px;height:auto\" srcset=\"https:\/\/redaccionjuvenil.es\/wp-content\/uploads\/2026\/03\/ymca_logo-1.png 375w, https:\/\/redaccionjuvenil.es\/wp-content\/uploads\/2026\/03\/ymca_logo-1-300x251.png 300w\" sizes=\"auto, (max-width: 375px) 100vw, 375px\" \/><\/a><\/figure>\n<\/div><\/div>\n<\/div>\n\n\n\n<p><\/p>\n","protected":false},"excerpt":{"rendered":"<p>Redacci\u00f3n Juvenil no se entiende sin las asociaciones y programas juveniles con los que colaboramos. Este proyecto nace del trabajo conjunto entre estudiantes y colectivos reales que dinamizan la vida&#8230;<\/p>\n","protected":false},"author":1,"featured_media":0,"parent":0,"menu_order":0,"comment_status":"closed","ping_status":"closed","template":"","meta":{"_kadence_starter_templates_imported_post":false,"footnotes":""},"class_list":["post-303","page","type-page","status-publish","hentry"],"yoast_head":"<!-- This site is optimized with the Yoast SEO plugin v27.1.1 - https:\/\/yoast.com\/product\/yoast-seo-wordpress\/ -->\n<title>Asociaciones - RED-ACCI\u00d3N JUVENIL<\/title>\n<meta name=\"robots\" content=\"index, follow, max-snippet:-1, max-image-preview:large, max-video-preview:-1\" \/>\n<link rel=\"canonical\" href=\"https:\/\/redaccionjuvenil.es\/?page_id=303\" \/>\n<meta property=\"og:locale\" content=\"es_ES\" \/>\n<meta property=\"og:type\" content=\"article\" \/>\n<meta property=\"og:title\" content=\"Asociaciones - RED-ACCI\u00d3N JUVENIL\" \/>\n<meta property=\"og:description\" content=\"Redacci\u00f3n Juvenil no se entiende sin las asociaciones y programas juveniles con los que colaboramos. Este proyecto nace del trabajo conjunto entre estudiantes y colectivos reales que dinamizan la vida...\" \/>\n<meta property=\"og:url\" content=\"https:\/\/redaccionjuvenil.es\/?page_id=303\" \/>\n<meta property=\"og:site_name\" content=\"RED-ACCI\u00d3N JUVENIL\" \/>\n<meta property=\"article:modified_time\" content=\"2026-04-27T08:03:35+00:00\" \/>\n<meta property=\"og:image\" content=\"https:\/\/redaccionjuvenil.es\/wp-content\/uploads\/2026\/03\/logo_juventud-1024x477-2.png\" \/>\n\t<meta property=\"og:image:width\" content=\"512\" \/>\n\t<meta property=\"og:image:height\" content=\"238\" \/>\n\t<meta property=\"og:image:type\" content=\"image\/png\" \/>\n<meta name=\"twitter:card\" content=\"summary_large_image\" \/>\n<meta name=\"twitter:label1\" content=\"Tiempo de lectura\" \/>\n\t<meta name=\"twitter:data1\" content=\"2 minutos\" \/>\n<script type=\"application\/ld+json\" class=\"yoast-schema-graph\">{\"@context\":\"https:\/\/schema.org\",\"@graph\":[{\"@type\":\"WebPage\",\"@id\":\"https:\/\/redaccionjuvenil.es\/?page_id=303\",\"url\":\"https:\/\/redaccionjuvenil.es\/?page_id=303\",\"name\":\"Asociaciones - RED-ACCI\u00d3N JUVENIL\",\"isPartOf\":{\"@id\":\"https:\/\/redaccionjuvenil.es\/#website\"},\"primaryImageOfPage\":{\"@id\":\"https:\/\/redaccionjuvenil.es\/?page_id=303#primaryimage\"},\"image\":{\"@id\":\"https:\/\/redaccionjuvenil.es\/?page_id=303#primaryimage\"},\"thumbnailUrl\":\"https:\/\/redaccionjuvenil.es\/wp-content\/uploads\/2026\/03\/logo_juventud-1024x477-2.png\",\"datePublished\":\"2026-03-04T09:23:30+00:00\",\"dateModified\":\"2026-04-27T08:03:35+00:00\",\"breadcrumb\":{\"@id\":\"https:\/\/redaccionjuvenil.es\/?page_id=303#breadcrumb\"},\"inLanguage\":\"es\",\"potentialAction\":[{\"@type\":\"ReadAction\",\"target\":[\"https:\/\/redaccionjuvenil.es\/?page_id=303\"]}]},{\"@type\":\"ImageObject\",\"inLanguage\":\"es\",\"@id\":\"https:\/\/redaccionjuvenil.es\/?page_id=303#primaryimage\",\"url\":\"https:\/\/redaccionjuvenil.es\/wp-content\/uploads\/2026\/03\/logo_juventud-1024x477-2.png\",\"contentUrl\":\"https:\/\/redaccionjuvenil.es\/wp-content\/uploads\/2026\/03\/logo_juventud-1024x477-2.png\",\"width\":512,\"height\":238},{\"@type\":\"BreadcrumbList\",\"@id\":\"https:\/\/redaccionjuvenil.es\/?page_id=303#breadcrumb\",\"itemListElement\":[{\"@type\":\"ListItem\",\"position\":1,\"name\":\"Portada\",\"item\":\"https:\/\/redaccionjuvenil.es\/\"},{\"@type\":\"ListItem\",\"position\":2,\"name\":\"Asociaciones\"}]},{\"@type\":\"WebSite\",\"@id\":\"https:\/\/redaccionjuvenil.es\/#website\",\"url\":\"https:\/\/redaccionjuvenil.es\/\",\"name\":\"RED-ACCI\u00d3N JUVENIL\",\"description\":\"DONDE LA JUVENTUD INFORMA Y TRANSFORMA\",\"publisher\":{\"@id\":\"https:\/\/redaccionjuvenil.es\/#organization\"},\"potentialAction\":[{\"@type\":\"SearchAction\",\"target\":{\"@type\":\"EntryPoint\",\"urlTemplate\":\"https:\/\/redaccionjuvenil.es\/?s={search_term_string}\"},\"query-input\":{\"@type\":\"PropertyValueSpecification\",\"valueRequired\":true,\"valueName\":\"search_term_string\"}}],\"inLanguage\":\"es\"},{\"@type\":\"Organization\",\"@id\":\"https:\/\/redaccionjuvenil.es\/#organization\",\"name\":\"RED-ACCI\u00d3N JUVENIL\",\"url\":\"https:\/\/redaccionjuvenil.es\/\",\"logo\":{\"@type\":\"ImageObject\",\"inLanguage\":\"es\",\"@id\":\"https:\/\/redaccionjuvenil.es\/#\/schema\/logo\/image\/\",\"url\":\"https:\/\/redaccionjuvenil.es\/wp-content\/uploads\/2026\/03\/cropped-cropped-logo_redaccion_juvenil_primer_propuesta-1.png\",\"contentUrl\":\"https:\/\/redaccionjuvenil.es\/wp-content\/uploads\/2026\/03\/cropped-cropped-logo_redaccion_juvenil_primer_propuesta-1.png\",\"width\":723,\"height\":723,\"caption\":\"RED-ACCI\u00d3N JUVENIL\"},\"image\":{\"@id\":\"https:\/\/redaccionjuvenil.es\/#\/schema\/logo\/image\/\"}}]}<\/script>\n<!-- \/ Yoast SEO plugin. -->","yoast_head_json":{"title":"Asociaciones - RED-ACCI\u00d3N JUVENIL","robots":{"index":"index","follow":"follow","max-snippet":"max-snippet:-1","max-image-preview":"max-image-preview:large","max-video-preview":"max-video-preview:-1"},"canonical":"https:\/\/redaccionjuvenil.es\/?page_id=303","og_locale":"es_ES","og_type":"article","og_title":"Asociaciones - RED-ACCI\u00d3N JUVENIL","og_description":"Redacci\u00f3n Juvenil no se entiende sin las asociaciones y programas juveniles con los que colaboramos. Este proyecto nace del trabajo conjunto entre estudiantes y colectivos reales que dinamizan la vida...","og_url":"https:\/\/redaccionjuvenil.es\/?page_id=303","og_site_name":"RED-ACCI\u00d3N JUVENIL","article_modified_time":"2026-04-27T08:03:35+00:00","og_image":[{"width":512,"height":238,"url":"https:\/\/redaccionjuvenil.es\/wp-content\/uploads\/2026\/03\/logo_juventud-1024x477-2.png","type":"image\/png"}],"twitter_card":"summary_large_image","twitter_misc":{"Tiempo de lectura":"2 minutos"},"schema":{"@context":"https:\/\/schema.org","@graph":[{"@type":"WebPage","@id":"https:\/\/redaccionjuvenil.es\/?page_id=303","url":"https:\/\/redaccionjuvenil.es\/?page_id=303","name":"Asociaciones - RED-ACCI\u00d3N JUVENIL","isPartOf":{"@id":"https:\/\/redaccionjuvenil.es\/#website"},"primaryImageOfPage":{"@id":"https:\/\/redaccionjuvenil.es\/?page_id=303#primaryimage"},"image":{"@id":"https:\/\/redaccionjuvenil.es\/?page_id=303#primaryimage"},"thumbnailUrl":"https:\/\/redaccionjuvenil.es\/wp-content\/uploads\/2026\/03\/logo_juventud-1024x477-2.png","datePublished":"2026-03-04T09:23:30+00:00","dateModified":"2026-04-27T08:03:35+00:00","breadcrumb":{"@id":"https:\/\/redaccionjuvenil.es\/?page_id=303#breadcrumb"},"inLanguage":"es","potentialAction":[{"@type":"ReadAction","target":["https:\/\/redaccionjuvenil.es\/?page_id=303"]}]},{"@type":"ImageObject","inLanguage":"es","@id":"https:\/\/redaccionjuvenil.es\/?page_id=303#primaryimage","url":"https:\/\/redaccionjuvenil.es\/wp-content\/uploads\/2026\/03\/logo_juventud-1024x477-2.png","contentUrl":"https:\/\/redaccionjuvenil.es\/wp-content\/uploads\/2026\/03\/logo_juventud-1024x477-2.png","width":512,"height":238},{"@type":"BreadcrumbList","@id":"https:\/\/redaccionjuvenil.es\/?page_id=303#breadcrumb","itemListElement":[{"@type":"ListItem","position":1,"name":"Portada","item":"https:\/\/redaccionjuvenil.es\/"},{"@type":"ListItem","position":2,"name":"Asociaciones"}]},{"@type":"WebSite","@id":"https:\/\/redaccionjuvenil.es\/#website","url":"https:\/\/redaccionjuvenil.es\/","name":"RED-ACCI\u00d3N JUVENIL","description":"DONDE LA JUVENTUD INFORMA Y TRANSFORMA","publisher":{"@id":"https:\/\/redaccionjuvenil.es\/#organization"},"potentialAction":[{"@type":"SearchAction","target":{"@type":"EntryPoint","urlTemplate":"https:\/\/redaccionjuvenil.es\/?s={search_term_string}"},"query-input":{"@type":"PropertyValueSpecification","valueRequired":true,"valueName":"search_term_string"}}],"inLanguage":"es"},{"@type":"Organization","@id":"https:\/\/redaccionjuvenil.es\/#organization","name":"RED-ACCI\u00d3N JUVENIL","url":"https:\/\/redaccionjuvenil.es\/","logo":{"@type":"ImageObject","inLanguage":"es","@id":"https:\/\/redaccionjuvenil.es\/#\/schema\/logo\/image\/","url":"https:\/\/redaccionjuvenil.es\/wp-content\/uploads\/2026\/03\/cropped-cropped-logo_redaccion_juvenil_primer_propuesta-1.png","contentUrl":"https:\/\/redaccionjuvenil.es\/wp-content\/uploads\/2026\/03\/cropped-cropped-logo_redaccion_juvenil_primer_propuesta-1.png","width":723,"height":723,"caption":"RED-ACCI\u00d3N JUVENIL"},"image":{"@id":"https:\/\/redaccionjuvenil.es\/#\/schema\/logo\/image\/"}}]}},"_links":{"self":[{"href":"https:\/\/redaccionjuvenil.es\/index.php?rest_route=\/wp\/v2\/pages\/303","targetHints":{"allow":["GET"]}}],"collection":[{"href":"https:\/\/redaccionjuvenil.es\/index.php?rest_route=\/wp\/v2\/pages"}],"about":[{"href":"https:\/\/redaccionjuvenil.es\/index.php?rest_route=\/wp\/v2\/types\/page"}],"author":[{"embeddable":true,"href":"https:\/\/redaccionjuvenil.es\/index.php?rest_route=\/wp\/v2\/users\/1"}],"replies":[{"embeddable":true,"href":"https:\/\/redaccionjuvenil.es\/index.php?rest_route=%2Fwp%2Fv2%2Fcomments&post=303"}],"version-history":[{"count":4,"href":"https:\/\/redaccionjuvenil.es\/index.php?rest_route=\/wp\/v2\/pages\/303\/revisions"}],"predecessor-version":[{"id":940,"href":"https:\/\/redaccionjuvenil.es\/index.php?rest_route=\/wp\/v2\/pages\/303\/revisions\/940"}],"wp:attachment":[{"href":"https:\/\/redaccionjuvenil.es\/index.php?rest_route=%2Fwp%2Fv2%2Fmedia&parent=303"}],"curies":[{"name":"wp","href":"https:\/\/api.w.org\/{rel}","templated":true}]}}