{"id":320,"date":"2026-03-04T09:29:15","date_gmt":"2026-03-04T09:29:15","guid":{"rendered":"https:\/\/redaccionjuvenil.es\/?page_id=320"},"modified":"2026-03-12T08:56:42","modified_gmt":"2026-03-12T08:56:42","slug":"consejo-de-la-juventud-de-castilla-y-leon","status":"publish","type":"page","link":"https:\/\/redaccionjuvenil.es\/?page_id=320","title":{"rendered":"Consejo de la Juventud de Castilla y Le\u00f3n"},"content":{"rendered":"\n<p>El Consejo de Juventud de Castilla y Le\u00f3n es un ente que quiere promover iniciativas que aseguren la participaci\u00f3n activa de la juventud de la comunidad. Adem\u00e1s, quiere que este grupo est\u00e9 integrado en las decisiones y medidas que les conciernen, as\u00ed como tener una representaci\u00f3n dentro de las formas organizadas de participaci\u00f3n juvenil en \u00e9l integradas.<\/p>\n\n\n\n<p>El Consejo aglutina formas organizadas de participaci\u00f3n juvenil como Asociaciones Juveniles de car\u00e1cter Auton\u00f3mico, entidades prestadoras de servicios a la Juventud, secciones juveniles de otras asociaciones o Consejos de Juventud de car\u00e1cter local, provincial y comarcal. En la actualidad est\u00e1 formado por 49 Entidades con \u00e1mbito de actuaci\u00f3n auton\u00f3mico.<\/p>\n\n\n\n<hr class=\"wp-block-separator has-alpha-channel-opacity\"\/>\n\n\n\n<div class=\"wp-block-columns is-layout-flex wp-container-core-columns-is-layout-9d6595d7 wp-block-columns-is-layout-flex\">\n<div class=\"wp-block-column is-layout-flow wp-block-column-is-layout-flow\">\n<h2 class=\"wp-block-heading\">Contacto:<\/h2>\n\n\n\n<p>C. Chalets, 1, 34004 Palencia<\/p>\n\n\n\n<ul class=\"wp-block-list\">\n<li><a href=\"https:\/\/www.cjcyl.es\/\">Web<\/a><\/li>\n\n\n\n<li><a href=\"https:\/\/www.facebook.com\/cjcyl\/\">Facebook<\/a><\/li>\n\n\n\n<li><a href=\"https:\/\/x.com\/CJCyL\">X<\/a><\/li>\n\n\n\n<li><a href=\"https:\/\/www.instagram.com\/cjcyl\/\">Instagram<\/a><\/li>\n<\/ul>\n<\/div>\n\n\n\n<div class=\"wp-block-column is-layout-flow wp-block-column-is-layout-flow\"><div class=\"wp-block-image\">\n<figure class=\"aligncenter size-full is-resized\"><img loading=\"lazy\" decoding=\"async\" width=\"362\" height=\"283\" src=\"https:\/\/redaccionjuvenil.es\/wp-content\/uploads\/2026\/03\/cjcyl.png\" alt=\"\" class=\"wp-image-451\" style=\"width:336px;height:auto\" srcset=\"https:\/\/redaccionjuvenil.es\/wp-content\/uploads\/2026\/03\/cjcyl.png 362w, https:\/\/redaccionjuvenil.es\/wp-content\/uploads\/2026\/03\/cjcyl-300x235.png 300w\" sizes=\"auto, (max-width: 362px) 100vw, 362px\" \/><\/figure>\n<\/div><\/div>\n<\/div>\n\n\n\n<hr class=\"wp-block-separator has-alpha-channel-opacity\"\/>\n\n\n\n<p>El Consejo de la Juventud cuenta con diferentes programas, entre ellos:<\/p>\n\n\n\n<div class=\"wp-block-columns is-layout-flex wp-container-core-columns-is-layout-9d6595d7 wp-block-columns-is-layout-flex\">\n<div class=\"wp-block-column is-layout-flow wp-block-column-is-layout-flow\">\n<h2 class=\"wp-block-heading has-text-align-center\"><a href=\"https:\/\/redaccionjuvenil.es\/?page_id=334\">Pausa y Reconecta<\/a><\/h2>\n\n\n<div class=\"wp-block-image\">\n<figure class=\"aligncenter size-full is-resized\"><a href=\"https:\/\/redaccionjuvenil.es\/?page_id=334\"><img loading=\"lazy\" decoding=\"async\" width=\"400\" height=\"400\" src=\"https:\/\/redaccionjuvenil.es\/wp-content\/uploads\/2026\/03\/G6mS9uy7_400x400-1.jpg\" alt=\"\" class=\"wp-image-315\" style=\"width:217px;height:auto\" srcset=\"https:\/\/redaccionjuvenil.es\/wp-content\/uploads\/2026\/03\/G6mS9uy7_400x400-1.jpg 400w, https:\/\/redaccionjuvenil.es\/wp-content\/uploads\/2026\/03\/G6mS9uy7_400x400-1-300x300.jpg 300w, https:\/\/redaccionjuvenil.es\/wp-content\/uploads\/2026\/03\/G6mS9uy7_400x400-1-150x150.jpg 150w\" sizes=\"auto, (max-width: 400px) 100vw, 400px\" \/><\/a><\/figure>\n<\/div><\/div>\n\n\n\n<div class=\"wp-block-column is-layout-flow wp-block-column-is-layout-flow\">\n<h2 class=\"wp-block-heading has-text-align-center\"><a href=\"https:\/\/redaccionjuvenil.es\/?page_id=458\">Programa de Voluntariado<\/a><\/h2>\n\n\n\n<figure class=\"wp-block-image size-large is-resized\"><a href=\"https:\/\/redaccionjuvenil.es\/?page_id=458\"><img loading=\"lazy\" decoding=\"async\" width=\"1024\" height=\"567\" src=\"https:\/\/redaccionjuvenil.es\/wp-content\/uploads\/2026\/03\/propuesta-de-logo_0-1024x567.jpg\" alt=\"\" class=\"wp-image-502\" style=\"aspect-ratio:1.8045602605863191;width:362px;height:auto\" srcset=\"https:\/\/redaccionjuvenil.es\/wp-content\/uploads\/2026\/03\/propuesta-de-logo_0-1024x567.jpg 1024w, https:\/\/redaccionjuvenil.es\/wp-content\/uploads\/2026\/03\/propuesta-de-logo_0-300x166.jpg 300w, https:\/\/redaccionjuvenil.es\/wp-content\/uploads\/2026\/03\/propuesta-de-logo_0-768x426.jpg 768w, https:\/\/redaccionjuvenil.es\/wp-content\/uploads\/2026\/03\/propuesta-de-logo_0.jpg 1200w\" sizes=\"auto, (max-width: 1024px) 100vw, 1024px\" \/><\/a><\/figure>\n<\/div>\n<\/div>\n\n\n\n<hr class=\"wp-block-separator has-alpha-channel-opacity\"\/>\n\n\n\n<h2 class=\"wp-block-heading\">\u00daltimas noticias<\/h2>\n\n\n<ul class=\"wp-block-latest-posts__list is-grid columns-3 has-link-color wp-elements-0473e142c92abf6fca4649072e54f16f wp-block-latest-posts has-text-color has-black-color has-background has-white-background-color\"><li><div class=\"wp-block-latest-posts__featured-image aligncenter\"><img loading=\"lazy\" decoding=\"async\" width=\"300\" height=\"168\" src=\"https:\/\/redaccionjuvenil.es\/wp-content\/uploads\/2026\/03\/descarga.jpg\" class=\"attachment-large size-large wp-post-image\" alt=\"\" style=\"\" \/><\/div><a class=\"wp-block-latest-posts__post-title\" href=\"https:\/\/redaccionjuvenil.es\/?p=722\">Valladolid refleja la tendencia nacional: m\u00e1s casas de apuestas en zonas desfavorecidas\u00a0<\/a><div class=\"wp-block-latest-posts__post-excerpt\">La presencia de casas de apuestas en Espa\u00f1a ha experimentado un crecimiento sostenido en la \u00faltima d\u00e9cada, una tendencia que&#8230;<\/div><\/li>\n<li><div class=\"wp-block-latest-posts__featured-image aligncenter\"><img loading=\"lazy\" decoding=\"async\" width=\"640\" height=\"427\" src=\"https:\/\/redaccionjuvenil.es\/wp-content\/uploads\/2026\/03\/jorono-stop-3541821-1024x683.jpg\" class=\"attachment-large size-large wp-post-image\" alt=\"\" style=\"\" srcset=\"https:\/\/redaccionjuvenil.es\/wp-content\/uploads\/2026\/03\/jorono-stop-3541821-1024x683.jpg 1024w, https:\/\/redaccionjuvenil.es\/wp-content\/uploads\/2026\/03\/jorono-stop-3541821-300x200.jpg 300w, https:\/\/redaccionjuvenil.es\/wp-content\/uploads\/2026\/03\/jorono-stop-3541821-768x512.jpg 768w, https:\/\/redaccionjuvenil.es\/wp-content\/uploads\/2026\/03\/jorono-stop-3541821-1536x1024.jpg 1536w, https:\/\/redaccionjuvenil.es\/wp-content\/uploads\/2026\/03\/jorono-stop-3541821-2048x1365.jpg 2048w, https:\/\/redaccionjuvenil.es\/wp-content\/uploads\/2026\/03\/jorono-stop-3541821-600x400.jpg 600w\" sizes=\"auto, (max-width: 640px) 100vw, 640px\" \/><\/div><a class=\"wp-block-latest-posts__post-title\" href=\"https:\/\/redaccionjuvenil.es\/?p=613\">La droga en la juventud: una amenaza silenciosa\u00a0<\/a><div class=\"wp-block-latest-posts__post-excerpt\">En los \u00faltimos a\u00f1os, el consumo de drogas entre los j\u00f3venes se ha convertido en una de las principales preocupaciones&#8230;<\/div><\/li>\n<li><div class=\"wp-block-latest-posts__featured-image aligncenter\"><img loading=\"lazy\" decoding=\"async\" width=\"640\" height=\"640\" src=\"https:\/\/redaccionjuvenil.es\/wp-content\/uploads\/2026\/03\/10354161_4438936-1024x1024.jpg\" class=\"attachment-large size-large wp-post-image\" alt=\"Vector de una mujer diciendo: &quot;\u00a1Parar de fumar!\" style=\"\" srcset=\"https:\/\/redaccionjuvenil.es\/wp-content\/uploads\/2026\/03\/10354161_4438936-1024x1024.jpg 1024w, https:\/\/redaccionjuvenil.es\/wp-content\/uploads\/2026\/03\/10354161_4438936-300x300.jpg 300w, https:\/\/redaccionjuvenil.es\/wp-content\/uploads\/2026\/03\/10354161_4438936-150x150.jpg 150w, https:\/\/redaccionjuvenil.es\/wp-content\/uploads\/2026\/03\/10354161_4438936-768x768.jpg 768w, https:\/\/redaccionjuvenil.es\/wp-content\/uploads\/2026\/03\/10354161_4438936-1536x1536.jpg 1536w, https:\/\/redaccionjuvenil.es\/wp-content\/uploads\/2026\/03\/10354161_4438936.jpg 2000w\" sizes=\"auto, (max-width: 640px) 100vw, 640px\" \/><\/div><a class=\"wp-block-latest-posts__post-title\" href=\"https:\/\/redaccionjuvenil.es\/?p=519\">Los j\u00f3venes normalizan m\u00e1s el uso de vapeadores\u00a0<\/a><div class=\"wp-block-latest-posts__post-excerpt\">El porcentaje de j\u00f3venes de 14 a 24 a\u00f1os que fuman a diario ha aumentado un 10%, seg\u00fan&nbsp;estimaciones del&nbsp;Observatorio&nbsp;del C\u00e1ncer&#8230;<\/div><\/li>\n<\/ul>","protected":false},"excerpt":{"rendered":"<p>El Consejo de Juventud de Castilla y Le\u00f3n es un ente que quiere promover iniciativas que aseguren la participaci\u00f3n activa de la juventud de la comunidad. Adem\u00e1s, quiere que este&#8230;<\/p>\n","protected":false},"author":1,"featured_media":0,"parent":0,"menu_order":0,"comment_status":"closed","ping_status":"closed","template":"","meta":{"_kadence_starter_templates_imported_post":false,"footnotes":""},"class_list":["post-320","page","type-page","status-publish","hentry"],"yoast_head":"<!-- This site is optimized with the Yoast SEO plugin v27.1.1 - https:\/\/yoast.com\/product\/yoast-seo-wordpress\/ -->\n<title>Consejo de la Juventud de Castilla y Le\u00f3n - RED-ACCI\u00d3N JUVENIL<\/title>\n<meta name=\"robots\" content=\"index, follow, max-snippet:-1, max-image-preview:large, max-video-preview:-1\" \/>\n<link rel=\"canonical\" href=\"https:\/\/redaccionjuvenil.es\/?page_id=320\" \/>\n<meta property=\"og:locale\" content=\"es_ES\" \/>\n<meta property=\"og:type\" content=\"article\" \/>\n<meta property=\"og:title\" content=\"Consejo de la Juventud de Castilla y Le\u00f3n - RED-ACCI\u00d3N JUVENIL\" \/>\n<meta property=\"og:description\" content=\"El Consejo de Juventud de Castilla y Le\u00f3n es un ente que quiere promover iniciativas que aseguren la participaci\u00f3n activa de la juventud de la comunidad. Adem\u00e1s, quiere que este...\" \/>\n<meta property=\"og:url\" content=\"https:\/\/redaccionjuvenil.es\/?page_id=320\" \/>\n<meta property=\"og:site_name\" content=\"RED-ACCI\u00d3N JUVENIL\" \/>\n<meta property=\"article:modified_time\" content=\"2026-03-12T08:56:42+00:00\" \/>\n<meta property=\"og:image\" content=\"https:\/\/redaccionjuvenil.es\/wp-content\/uploads\/2026\/03\/cjcyl.png\" \/>\n\t<meta property=\"og:image:width\" content=\"362\" \/>\n\t<meta property=\"og:image:height\" content=\"283\" \/>\n\t<meta property=\"og:image:type\" content=\"image\/png\" \/>\n<meta name=\"twitter:card\" content=\"summary_large_image\" \/>\n<meta name=\"twitter:label1\" content=\"Tiempo de lectura\" \/>\n\t<meta name=\"twitter:data1\" content=\"2 minutos\" \/>\n<script type=\"application\/ld+json\" class=\"yoast-schema-graph\">{\"@context\":\"https:\/\/schema.org\",\"@graph\":[{\"@type\":\"WebPage\",\"@id\":\"https:\/\/redaccionjuvenil.es\/?page_id=320\",\"url\":\"https:\/\/redaccionjuvenil.es\/?page_id=320\",\"name\":\"Consejo de la Juventud de Castilla y Le\u00f3n - RED-ACCI\u00d3N JUVENIL\",\"isPartOf\":{\"@id\":\"https:\/\/redaccionjuvenil.es\/#website\"},\"primaryImageOfPage\":{\"@id\":\"https:\/\/redaccionjuvenil.es\/?page_id=320#primaryimage\"},\"image\":{\"@id\":\"https:\/\/redaccionjuvenil.es\/?page_id=320#primaryimage\"},\"thumbnailUrl\":\"https:\/\/redaccionjuvenil.es\/wp-content\/uploads\/2026\/03\/cjcyl.png\",\"datePublished\":\"2026-03-04T09:29:15+00:00\",\"dateModified\":\"2026-03-12T08:56:42+00:00\",\"breadcrumb\":{\"@id\":\"https:\/\/redaccionjuvenil.es\/?page_id=320#breadcrumb\"},\"inLanguage\":\"es\",\"potentialAction\":[{\"@type\":\"ReadAction\",\"target\":[\"https:\/\/redaccionjuvenil.es\/?page_id=320\"]}]},{\"@type\":\"ImageObject\",\"inLanguage\":\"es\",\"@id\":\"https:\/\/redaccionjuvenil.es\/?page_id=320#primaryimage\",\"url\":\"https:\/\/redaccionjuvenil.es\/wp-content\/uploads\/2026\/03\/cjcyl.png\",\"contentUrl\":\"https:\/\/redaccionjuvenil.es\/wp-content\/uploads\/2026\/03\/cjcyl.png\",\"width\":362,\"height\":283},{\"@type\":\"BreadcrumbList\",\"@id\":\"https:\/\/redaccionjuvenil.es\/?page_id=320#breadcrumb\",\"itemListElement\":[{\"@type\":\"ListItem\",\"position\":1,\"name\":\"Portada\",\"item\":\"https:\/\/redaccionjuvenil.es\/\"},{\"@type\":\"ListItem\",\"position\":2,\"name\":\"Consejo de la Juventud de Castilla y Le\u00f3n\"}]},{\"@type\":\"WebSite\",\"@id\":\"https:\/\/redaccionjuvenil.es\/#website\",\"url\":\"https:\/\/redaccionjuvenil.es\/\",\"name\":\"RED-ACCI\u00d3N JUVENIL\",\"description\":\"DONDE LA JUVENTUD INFORMA Y TRANSFORMA\",\"publisher\":{\"@id\":\"https:\/\/redaccionjuvenil.es\/#organization\"},\"potentialAction\":[{\"@type\":\"SearchAction\",\"target\":{\"@type\":\"EntryPoint\",\"urlTemplate\":\"https:\/\/redaccionjuvenil.es\/?s={search_term_string}\"},\"query-input\":{\"@type\":\"PropertyValueSpecification\",\"valueRequired\":true,\"valueName\":\"search_term_string\"}}],\"inLanguage\":\"es\"},{\"@type\":\"Organization\",\"@id\":\"https:\/\/redaccionjuvenil.es\/#organization\",\"name\":\"RED-ACCI\u00d3N JUVENIL\",\"url\":\"https:\/\/redaccionjuvenil.es\/\",\"logo\":{\"@type\":\"ImageObject\",\"inLanguage\":\"es\",\"@id\":\"https:\/\/redaccionjuvenil.es\/#\/schema\/logo\/image\/\",\"url\":\"https:\/\/redaccionjuvenil.es\/wp-content\/uploads\/2026\/03\/cropped-cropped-logo_redaccion_juvenil_primer_propuesta-1.png\",\"contentUrl\":\"https:\/\/redaccionjuvenil.es\/wp-content\/uploads\/2026\/03\/cropped-cropped-logo_redaccion_juvenil_primer_propuesta-1.png\",\"width\":723,\"height\":723,\"caption\":\"RED-ACCI\u00d3N JUVENIL\"},\"image\":{\"@id\":\"https:\/\/redaccionjuvenil.es\/#\/schema\/logo\/image\/\"}}]}<\/script>\n<!-- \/ Yoast SEO plugin. -->","yoast_head_json":{"title":"Consejo de la Juventud de Castilla y Le\u00f3n - RED-ACCI\u00d3N JUVENIL","robots":{"index":"index","follow":"follow","max-snippet":"max-snippet:-1","max-image-preview":"max-image-preview:large","max-video-preview":"max-video-preview:-1"},"canonical":"https:\/\/redaccionjuvenil.es\/?page_id=320","og_locale":"es_ES","og_type":"article","og_title":"Consejo de la Juventud de Castilla y Le\u00f3n - RED-ACCI\u00d3N JUVENIL","og_description":"El Consejo de Juventud de Castilla y Le\u00f3n es un ente que quiere promover iniciativas que aseguren la participaci\u00f3n activa de la juventud de la comunidad. Adem\u00e1s, quiere que este...","og_url":"https:\/\/redaccionjuvenil.es\/?page_id=320","og_site_name":"RED-ACCI\u00d3N JUVENIL","article_modified_time":"2026-03-12T08:56:42+00:00","og_image":[{"width":362,"height":283,"url":"https:\/\/redaccionjuvenil.es\/wp-content\/uploads\/2026\/03\/cjcyl.png","type":"image\/png"}],"twitter_card":"summary_large_image","twitter_misc":{"Tiempo de lectura":"2 minutos"},"schema":{"@context":"https:\/\/schema.org","@graph":[{"@type":"WebPage","@id":"https:\/\/redaccionjuvenil.es\/?page_id=320","url":"https:\/\/redaccionjuvenil.es\/?page_id=320","name":"Consejo de la Juventud de Castilla y Le\u00f3n - RED-ACCI\u00d3N JUVENIL","isPartOf":{"@id":"https:\/\/redaccionjuvenil.es\/#website"},"primaryImageOfPage":{"@id":"https:\/\/redaccionjuvenil.es\/?page_id=320#primaryimage"},"image":{"@id":"https:\/\/redaccionjuvenil.es\/?page_id=320#primaryimage"},"thumbnailUrl":"https:\/\/redaccionjuvenil.es\/wp-content\/uploads\/2026\/03\/cjcyl.png","datePublished":"2026-03-04T09:29:15+00:00","dateModified":"2026-03-12T08:56:42+00:00","breadcrumb":{"@id":"https:\/\/redaccionjuvenil.es\/?page_id=320#breadcrumb"},"inLanguage":"es","potentialAction":[{"@type":"ReadAction","target":["https:\/\/redaccionjuvenil.es\/?page_id=320"]}]},{"@type":"ImageObject","inLanguage":"es","@id":"https:\/\/redaccionjuvenil.es\/?page_id=320#primaryimage","url":"https:\/\/redaccionjuvenil.es\/wp-content\/uploads\/2026\/03\/cjcyl.png","contentUrl":"https:\/\/redaccionjuvenil.es\/wp-content\/uploads\/2026\/03\/cjcyl.png","width":362,"height":283},{"@type":"BreadcrumbList","@id":"https:\/\/redaccionjuvenil.es\/?page_id=320#breadcrumb","itemListElement":[{"@type":"ListItem","position":1,"name":"Portada","item":"https:\/\/redaccionjuvenil.es\/"},{"@type":"ListItem","position":2,"name":"Consejo de la Juventud de Castilla y Le\u00f3n"}]},{"@type":"WebSite","@id":"https:\/\/redaccionjuvenil.es\/#website","url":"https:\/\/redaccionjuvenil.es\/","name":"RED-ACCI\u00d3N JUVENIL","description":"DONDE LA JUVENTUD INFORMA Y TRANSFORMA","publisher":{"@id":"https:\/\/redaccionjuvenil.es\/#organization"},"potentialAction":[{"@type":"SearchAction","target":{"@type":"EntryPoint","urlTemplate":"https:\/\/redaccionjuvenil.es\/?s={search_term_string}"},"query-input":{"@type":"PropertyValueSpecification","valueRequired":true,"valueName":"search_term_string"}}],"inLanguage":"es"},{"@type":"Organization","@id":"https:\/\/redaccionjuvenil.es\/#organization","name":"RED-ACCI\u00d3N JUVENIL","url":"https:\/\/redaccionjuvenil.es\/","logo":{"@type":"ImageObject","inLanguage":"es","@id":"https:\/\/redaccionjuvenil.es\/#\/schema\/logo\/image\/","url":"https:\/\/redaccionjuvenil.es\/wp-content\/uploads\/2026\/03\/cropped-cropped-logo_redaccion_juvenil_primer_propuesta-1.png","contentUrl":"https:\/\/redaccionjuvenil.es\/wp-content\/uploads\/2026\/03\/cropped-cropped-logo_redaccion_juvenil_primer_propuesta-1.png","width":723,"height":723,"caption":"RED-ACCI\u00d3N JUVENIL"},"image":{"@id":"https:\/\/redaccionjuvenil.es\/#\/schema\/logo\/image\/"}}]}},"_links":{"self":[{"href":"https:\/\/redaccionjuvenil.es\/index.php?rest_route=\/wp\/v2\/pages\/320","targetHints":{"allow":["GET"]}}],"collection":[{"href":"https:\/\/redaccionjuvenil.es\/index.php?rest_route=\/wp\/v2\/pages"}],"about":[{"href":"https:\/\/redaccionjuvenil.es\/index.php?rest_route=\/wp\/v2\/types\/page"}],"author":[{"embeddable":true,"href":"https:\/\/redaccionjuvenil.es\/index.php?rest_route=\/wp\/v2\/users\/1"}],"replies":[{"embeddable":true,"href":"https:\/\/redaccionjuvenil.es\/index.php?rest_route=%2Fwp%2Fv2%2Fcomments&post=320"}],"version-history":[{"count":5,"href":"https:\/\/redaccionjuvenil.es\/index.php?rest_route=\/wp\/v2\/pages\/320\/revisions"}],"predecessor-version":[{"id":503,"href":"https:\/\/redaccionjuvenil.es\/index.php?rest_route=\/wp\/v2\/pages\/320\/revisions\/503"}],"wp:attachment":[{"href":"https:\/\/redaccionjuvenil.es\/index.php?rest_route=%2Fwp%2Fv2%2Fmedia&parent=320"}],"curies":[{"name":"wp","href":"https:\/\/api.w.org\/{rel}","templated":true}]}}