{"id":323,"date":"2026-03-04T09:30:26","date_gmt":"2026-03-04T09:30:26","guid":{"rendered":"https:\/\/redaccionjuvenil.es\/?page_id=323"},"modified":"2026-03-12T08:58:07","modified_gmt":"2026-03-12T08:58:07","slug":"aspaym-juventud","status":"publish","type":"page","link":"https:\/\/redaccionjuvenil.es\/?page_id=323","title":{"rendered":"ASPAYM Juventud"},"content":{"rendered":"\n<p>ASPAYM es una organizaci\u00f3n comprometida a mejorar la vida de las personas con discapacidad y su entorno. En Castilla y Le\u00f3n surge hace m\u00e1s de 25 a\u00f1os centrada en la recuperaci\u00f3n de personas con lesiones medulares, evolucionando a la recuperaci\u00f3n de cualquier tipo de discapacidad f\u00edsica. Cuentan con una metodolog\u00eda de trabajo y nuevos proyectos inclusivos, donde todos tienen cabida, tanto en lo social como en lo laboral.<\/p>\n\n\n\n<p>El campo de ASPAYM CyL Juventud, naci\u00f3 en 2003. Este grupo est\u00e1 dedicado a realizar actividades variadas que promuevan la sensibilizaci\u00f3n, la inclusi\u00f3n social y la implicaci\u00f3n de los j\u00f3venes menores de 30 a\u00f1os. Con m\u00e1s de 8 tipos de actividades ASPAYM Juventud moviliza a los grupos m\u00e1s j\u00f3venes con campamentos y tambi\u00e9n a mayores con rutas diversas o una radio inclusiva.<\/p>\n\n\n\n<div class=\"wp-block-columns is-layout-flex wp-container-core-columns-is-layout-9d6595d7 wp-block-columns-is-layout-flex\">\n<div class=\"wp-block-column is-layout-flow wp-block-column-is-layout-flow\">\n<h2 class=\"wp-block-heading\">Contacto:<\/h2>\n\n\n\n<p>Calle de&nbsp;Trevi\u00f1o, 74, 47008, Valladolid&nbsp;&nbsp;<\/p>\n\n\n\n<ul class=\"wp-block-list\">\n<li><a href=\"https:\/\/juventud.aspaymcyl.org\/\">Web<\/a><\/li>\n\n\n\n<li><a href=\"https:\/\/www.facebook.com\/ASPAYMjuventudCYL\">Facebook<\/a><\/li>\n\n\n\n<li><a href=\"https:\/\/www.instagram.com\/aspaymjuventudcyl\">Instagram<\/a><\/li>\n\n\n\n<li><a href=\"https:\/\/www.youtube.com\/user\/aspaymcyl\">Youtube<\/a><\/li>\n\n\n\n<li><a href=\"https:\/\/www.twitch.tv\/aspaymjuventudcyl?lang=es\">Twitch<\/a><\/li>\n<\/ul>\n<\/div>\n\n\n\n<div class=\"wp-block-column is-layout-flow wp-block-column-is-layout-flow\"><div class=\"wp-block-image\">\n<figure class=\"aligncenter size-full is-resized\"><img loading=\"lazy\" decoding=\"async\" width=\"500\" height=\"375\" src=\"https:\/\/redaccionjuvenil.es\/wp-content\/uploads\/2026\/03\/image_1-3.png\" alt=\"\" class=\"wp-image-435\" style=\"width:332px;height:auto\" srcset=\"https:\/\/redaccionjuvenil.es\/wp-content\/uploads\/2026\/03\/image_1-3.png 500w, https:\/\/redaccionjuvenil.es\/wp-content\/uploads\/2026\/03\/image_1-3-300x225.png 300w\" sizes=\"auto, (max-width: 500px) 100vw, 500px\" \/><\/figure>\n<\/div><\/div>\n<\/div>\n\n\n\n<hr class=\"wp-block-separator has-alpha-channel-opacity\"\/>\n\n\n\n<h2 class=\"wp-block-heading\">\u00daltimas noticias<\/h2>\n\n\n<ul class=\"wp-block-latest-posts__list is-grid columns-3 has-link-color wp-elements-bd1118f51d90b12d70f3f5641681d464 wp-block-latest-posts has-text-color has-black-color has-background has-white-background-color\"><li><div class=\"wp-block-latest-posts__featured-image aligncenter\"><img loading=\"lazy\" decoding=\"async\" width=\"640\" height=\"958\" src=\"https:\/\/redaccionjuvenil.es\/wp-content\/uploads\/2026\/04\/pexels-mikhail-nilov-8542539-2-684x1024.jpg\" class=\"attachment-large size-large wp-post-image\" alt=\"D\u00eda de La Tierra\" style=\"\" srcset=\"https:\/\/redaccionjuvenil.es\/wp-content\/uploads\/2026\/04\/pexels-mikhail-nilov-8542539-2-684x1024.jpg 684w, https:\/\/redaccionjuvenil.es\/wp-content\/uploads\/2026\/04\/pexels-mikhail-nilov-8542539-2-200x300.jpg 200w, https:\/\/redaccionjuvenil.es\/wp-content\/uploads\/2026\/04\/pexels-mikhail-nilov-8542539-2-768x1150.jpg 768w, https:\/\/redaccionjuvenil.es\/wp-content\/uploads\/2026\/04\/pexels-mikhail-nilov-8542539-2-1026x1536.jpg 1026w, https:\/\/redaccionjuvenil.es\/wp-content\/uploads\/2026\/04\/pexels-mikhail-nilov-8542539-2.jpg 1280w\" sizes=\"auto, (max-width: 640px) 100vw, 640px\" \/><\/div><a class=\"wp-block-latest-posts__post-title\" href=\"https:\/\/redaccionjuvenil.es\/?p=860\">El D\u00eda de la Tierra vuelve a alertar sobre el cambio clim\u00e1tico<\/a><div class=\"wp-block-latest-posts__post-excerpt\">Un a\u00f1o m\u00e1s, esta fecha vuelve a recordar los peligros que trae consigo la crisis clim\u00e1tica Como cada 22 de&#8230;<\/div><\/li>\n<li><div class=\"wp-block-latest-posts__featured-image aligncenter\"><img loading=\"lazy\" decoding=\"async\" width=\"640\" height=\"640\" src=\"https:\/\/redaccionjuvenil.es\/wp-content\/uploads\/2026\/04\/SCRAPBOOKING-1024x1024.jpg\" class=\"attachment-large size-large wp-post-image\" alt=\"Cuaderno con recortes, pegatinas y fotograf\u00edas\" style=\"\" srcset=\"https:\/\/redaccionjuvenil.es\/wp-content\/uploads\/2026\/04\/SCRAPBOOKING-1024x1024.jpg 1024w, https:\/\/redaccionjuvenil.es\/wp-content\/uploads\/2026\/04\/SCRAPBOOKING-300x300.jpg 300w, https:\/\/redaccionjuvenil.es\/wp-content\/uploads\/2026\/04\/SCRAPBOOKING-150x150.jpg 150w, https:\/\/redaccionjuvenil.es\/wp-content\/uploads\/2026\/04\/SCRAPBOOKING-768x768.jpg 768w, https:\/\/redaccionjuvenil.es\/wp-content\/uploads\/2026\/04\/SCRAPBOOKING.jpg 1280w\" sizes=\"auto, (max-width: 640px) 100vw, 640px\" \/><\/div><a class=\"wp-block-latest-posts__post-title\" href=\"https:\/\/redaccionjuvenil.es\/?p=838\">Scrapbooking, recortes que plasman arte<\/a><div class=\"wp-block-latest-posts__post-excerpt\">Este 15 de abril, ASPAYM Juventud hace scrapbooking por el D\u00eda del Arte. La actividad tiene lugar en el Espacio&#8230;<\/div><\/li>\n<li><div class=\"wp-block-latest-posts__featured-image aligncenter\"><img loading=\"lazy\" decoding=\"async\" width=\"640\" height=\"238\" src=\"https:\/\/redaccionjuvenil.es\/wp-content\/uploads\/2026\/03\/mustangjoe-stage-1248769_1920-1024x380.jpg\" class=\"attachment-large size-large wp-post-image\" alt=\"Sala de teatro desde los palcos centrales.\" style=\"\" srcset=\"https:\/\/redaccionjuvenil.es\/wp-content\/uploads\/2026\/03\/mustangjoe-stage-1248769_1920-1024x380.jpg 1024w, https:\/\/redaccionjuvenil.es\/wp-content\/uploads\/2026\/03\/mustangjoe-stage-1248769_1920-300x111.jpg 300w, https:\/\/redaccionjuvenil.es\/wp-content\/uploads\/2026\/03\/mustangjoe-stage-1248769_1920-768x285.jpg 768w, https:\/\/redaccionjuvenil.es\/wp-content\/uploads\/2026\/03\/mustangjoe-stage-1248769_1920-1536x570.jpg 1536w, https:\/\/redaccionjuvenil.es\/wp-content\/uploads\/2026\/03\/mustangjoe-stage-1248769_1920.jpg 1920w\" sizes=\"auto, (max-width: 640px) 100vw, 640px\" \/><\/div><a class=\"wp-block-latest-posts__post-title\" href=\"https:\/\/redaccionjuvenil.es\/?p=749\">ASPAYM Juventud celebra el D\u00eda Internacional del Teatro<\/a><div class=\"wp-block-latest-posts__post-excerpt\">Con motivo del D\u00eda Internacional del Teatro, el grupo de ASPAYM Juventud se sum\u00f3 a la celebraci\u00f3n con su asistencia&#8230;<\/div><\/li>\n<\/ul>","protected":false},"excerpt":{"rendered":"<p>ASPAYM es una organizaci\u00f3n comprometida a mejorar la vida de las personas con discapacidad y su entorno. En Castilla y Le\u00f3n surge hace m\u00e1s de 25 a\u00f1os centrada en la&#8230;<\/p>\n","protected":false},"author":1,"featured_media":0,"parent":0,"menu_order":0,"comment_status":"closed","ping_status":"closed","template":"","meta":{"_kadence_starter_templates_imported_post":false,"footnotes":""},"class_list":["post-323","page","type-page","status-publish","hentry"],"yoast_head":"<!-- This site is optimized with the Yoast SEO plugin v27.1.1 - https:\/\/yoast.com\/product\/yoast-seo-wordpress\/ -->\n<title>ASPAYM Juventud - RED-ACCI\u00d3N JUVENIL<\/title>\n<meta name=\"robots\" content=\"index, follow, max-snippet:-1, max-image-preview:large, max-video-preview:-1\" \/>\n<link rel=\"canonical\" href=\"https:\/\/redaccionjuvenil.es\/?page_id=323\" \/>\n<meta property=\"og:locale\" content=\"es_ES\" \/>\n<meta property=\"og:type\" content=\"article\" \/>\n<meta property=\"og:title\" content=\"ASPAYM Juventud - RED-ACCI\u00d3N JUVENIL\" \/>\n<meta property=\"og:description\" content=\"ASPAYM es una organizaci\u00f3n comprometida a mejorar la vida de las personas con discapacidad y su entorno. En Castilla y Le\u00f3n surge hace m\u00e1s de 25 a\u00f1os centrada en la...\" \/>\n<meta property=\"og:url\" content=\"https:\/\/redaccionjuvenil.es\/?page_id=323\" \/>\n<meta property=\"og:site_name\" content=\"RED-ACCI\u00d3N JUVENIL\" \/>\n<meta property=\"article:modified_time\" content=\"2026-03-12T08:58:07+00:00\" \/>\n<meta property=\"og:image\" content=\"https:\/\/redaccionjuvenil.es\/wp-content\/uploads\/2026\/03\/image_1-3.png\" \/>\n\t<meta property=\"og:image:width\" content=\"500\" \/>\n\t<meta property=\"og:image:height\" content=\"375\" \/>\n\t<meta property=\"og:image:type\" content=\"image\/png\" \/>\n<meta name=\"twitter:card\" content=\"summary_large_image\" \/>\n<meta name=\"twitter:label1\" content=\"Tiempo de lectura\" \/>\n\t<meta name=\"twitter:data1\" content=\"1 minuto\" \/>\n<script type=\"application\/ld+json\" class=\"yoast-schema-graph\">{\"@context\":\"https:\/\/schema.org\",\"@graph\":[{\"@type\":\"WebPage\",\"@id\":\"https:\/\/redaccionjuvenil.es\/?page_id=323\",\"url\":\"https:\/\/redaccionjuvenil.es\/?page_id=323\",\"name\":\"ASPAYM Juventud - RED-ACCI\u00d3N JUVENIL\",\"isPartOf\":{\"@id\":\"https:\/\/redaccionjuvenil.es\/#website\"},\"primaryImageOfPage\":{\"@id\":\"https:\/\/redaccionjuvenil.es\/?page_id=323#primaryimage\"},\"image\":{\"@id\":\"https:\/\/redaccionjuvenil.es\/?page_id=323#primaryimage\"},\"thumbnailUrl\":\"https:\/\/redaccionjuvenil.es\/wp-content\/uploads\/2026\/03\/image_1-3.png\",\"datePublished\":\"2026-03-04T09:30:26+00:00\",\"dateModified\":\"2026-03-12T08:58:07+00:00\",\"breadcrumb\":{\"@id\":\"https:\/\/redaccionjuvenil.es\/?page_id=323#breadcrumb\"},\"inLanguage\":\"es\",\"potentialAction\":[{\"@type\":\"ReadAction\",\"target\":[\"https:\/\/redaccionjuvenil.es\/?page_id=323\"]}]},{\"@type\":\"ImageObject\",\"inLanguage\":\"es\",\"@id\":\"https:\/\/redaccionjuvenil.es\/?page_id=323#primaryimage\",\"url\":\"https:\/\/redaccionjuvenil.es\/wp-content\/uploads\/2026\/03\/image_1-3.png\",\"contentUrl\":\"https:\/\/redaccionjuvenil.es\/wp-content\/uploads\/2026\/03\/image_1-3.png\",\"width\":500,\"height\":375},{\"@type\":\"BreadcrumbList\",\"@id\":\"https:\/\/redaccionjuvenil.es\/?page_id=323#breadcrumb\",\"itemListElement\":[{\"@type\":\"ListItem\",\"position\":1,\"name\":\"Portada\",\"item\":\"https:\/\/redaccionjuvenil.es\/\"},{\"@type\":\"ListItem\",\"position\":2,\"name\":\"ASPAYM Juventud\"}]},{\"@type\":\"WebSite\",\"@id\":\"https:\/\/redaccionjuvenil.es\/#website\",\"url\":\"https:\/\/redaccionjuvenil.es\/\",\"name\":\"RED-ACCI\u00d3N JUVENIL\",\"description\":\"DONDE LA JUVENTUD INFORMA Y TRANSFORMA\",\"publisher\":{\"@id\":\"https:\/\/redaccionjuvenil.es\/#organization\"},\"potentialAction\":[{\"@type\":\"SearchAction\",\"target\":{\"@type\":\"EntryPoint\",\"urlTemplate\":\"https:\/\/redaccionjuvenil.es\/?s={search_term_string}\"},\"query-input\":{\"@type\":\"PropertyValueSpecification\",\"valueRequired\":true,\"valueName\":\"search_term_string\"}}],\"inLanguage\":\"es\"},{\"@type\":\"Organization\",\"@id\":\"https:\/\/redaccionjuvenil.es\/#organization\",\"name\":\"RED-ACCI\u00d3N JUVENIL\",\"url\":\"https:\/\/redaccionjuvenil.es\/\",\"logo\":{\"@type\":\"ImageObject\",\"inLanguage\":\"es\",\"@id\":\"https:\/\/redaccionjuvenil.es\/#\/schema\/logo\/image\/\",\"url\":\"https:\/\/redaccionjuvenil.es\/wp-content\/uploads\/2026\/03\/cropped-cropped-logo_redaccion_juvenil_primer_propuesta-1.png\",\"contentUrl\":\"https:\/\/redaccionjuvenil.es\/wp-content\/uploads\/2026\/03\/cropped-cropped-logo_redaccion_juvenil_primer_propuesta-1.png\",\"width\":723,\"height\":723,\"caption\":\"RED-ACCI\u00d3N JUVENIL\"},\"image\":{\"@id\":\"https:\/\/redaccionjuvenil.es\/#\/schema\/logo\/image\/\"}}]}<\/script>\n<!-- \/ Yoast SEO plugin. -->","yoast_head_json":{"title":"ASPAYM Juventud - RED-ACCI\u00d3N JUVENIL","robots":{"index":"index","follow":"follow","max-snippet":"max-snippet:-1","max-image-preview":"max-image-preview:large","max-video-preview":"max-video-preview:-1"},"canonical":"https:\/\/redaccionjuvenil.es\/?page_id=323","og_locale":"es_ES","og_type":"article","og_title":"ASPAYM Juventud - RED-ACCI\u00d3N JUVENIL","og_description":"ASPAYM es una organizaci\u00f3n comprometida a mejorar la vida de las personas con discapacidad y su entorno. En Castilla y Le\u00f3n surge hace m\u00e1s de 25 a\u00f1os centrada en la...","og_url":"https:\/\/redaccionjuvenil.es\/?page_id=323","og_site_name":"RED-ACCI\u00d3N JUVENIL","article_modified_time":"2026-03-12T08:58:07+00:00","og_image":[{"width":500,"height":375,"url":"https:\/\/redaccionjuvenil.es\/wp-content\/uploads\/2026\/03\/image_1-3.png","type":"image\/png"}],"twitter_card":"summary_large_image","twitter_misc":{"Tiempo de lectura":"1 minuto"},"schema":{"@context":"https:\/\/schema.org","@graph":[{"@type":"WebPage","@id":"https:\/\/redaccionjuvenil.es\/?page_id=323","url":"https:\/\/redaccionjuvenil.es\/?page_id=323","name":"ASPAYM Juventud - RED-ACCI\u00d3N JUVENIL","isPartOf":{"@id":"https:\/\/redaccionjuvenil.es\/#website"},"primaryImageOfPage":{"@id":"https:\/\/redaccionjuvenil.es\/?page_id=323#primaryimage"},"image":{"@id":"https:\/\/redaccionjuvenil.es\/?page_id=323#primaryimage"},"thumbnailUrl":"https:\/\/redaccionjuvenil.es\/wp-content\/uploads\/2026\/03\/image_1-3.png","datePublished":"2026-03-04T09:30:26+00:00","dateModified":"2026-03-12T08:58:07+00:00","breadcrumb":{"@id":"https:\/\/redaccionjuvenil.es\/?page_id=323#breadcrumb"},"inLanguage":"es","potentialAction":[{"@type":"ReadAction","target":["https:\/\/redaccionjuvenil.es\/?page_id=323"]}]},{"@type":"ImageObject","inLanguage":"es","@id":"https:\/\/redaccionjuvenil.es\/?page_id=323#primaryimage","url":"https:\/\/redaccionjuvenil.es\/wp-content\/uploads\/2026\/03\/image_1-3.png","contentUrl":"https:\/\/redaccionjuvenil.es\/wp-content\/uploads\/2026\/03\/image_1-3.png","width":500,"height":375},{"@type":"BreadcrumbList","@id":"https:\/\/redaccionjuvenil.es\/?page_id=323#breadcrumb","itemListElement":[{"@type":"ListItem","position":1,"name":"Portada","item":"https:\/\/redaccionjuvenil.es\/"},{"@type":"ListItem","position":2,"name":"ASPAYM Juventud"}]},{"@type":"WebSite","@id":"https:\/\/redaccionjuvenil.es\/#website","url":"https:\/\/redaccionjuvenil.es\/","name":"RED-ACCI\u00d3N JUVENIL","description":"DONDE LA JUVENTUD INFORMA Y TRANSFORMA","publisher":{"@id":"https:\/\/redaccionjuvenil.es\/#organization"},"potentialAction":[{"@type":"SearchAction","target":{"@type":"EntryPoint","urlTemplate":"https:\/\/redaccionjuvenil.es\/?s={search_term_string}"},"query-input":{"@type":"PropertyValueSpecification","valueRequired":true,"valueName":"search_term_string"}}],"inLanguage":"es"},{"@type":"Organization","@id":"https:\/\/redaccionjuvenil.es\/#organization","name":"RED-ACCI\u00d3N JUVENIL","url":"https:\/\/redaccionjuvenil.es\/","logo":{"@type":"ImageObject","inLanguage":"es","@id":"https:\/\/redaccionjuvenil.es\/#\/schema\/logo\/image\/","url":"https:\/\/redaccionjuvenil.es\/wp-content\/uploads\/2026\/03\/cropped-cropped-logo_redaccion_juvenil_primer_propuesta-1.png","contentUrl":"https:\/\/redaccionjuvenil.es\/wp-content\/uploads\/2026\/03\/cropped-cropped-logo_redaccion_juvenil_primer_propuesta-1.png","width":723,"height":723,"caption":"RED-ACCI\u00d3N JUVENIL"},"image":{"@id":"https:\/\/redaccionjuvenil.es\/#\/schema\/logo\/image\/"}}]}},"_links":{"self":[{"href":"https:\/\/redaccionjuvenil.es\/index.php?rest_route=\/wp\/v2\/pages\/323","targetHints":{"allow":["GET"]}}],"collection":[{"href":"https:\/\/redaccionjuvenil.es\/index.php?rest_route=\/wp\/v2\/pages"}],"about":[{"href":"https:\/\/redaccionjuvenil.es\/index.php?rest_route=\/wp\/v2\/types\/page"}],"author":[{"embeddable":true,"href":"https:\/\/redaccionjuvenil.es\/index.php?rest_route=\/wp\/v2\/users\/1"}],"replies":[{"embeddable":true,"href":"https:\/\/redaccionjuvenil.es\/index.php?rest_route=%2Fwp%2Fv2%2Fcomments&post=323"}],"version-history":[{"count":7,"href":"https:\/\/redaccionjuvenil.es\/index.php?rest_route=\/wp\/v2\/pages\/323\/revisions"}],"predecessor-version":[{"id":505,"href":"https:\/\/redaccionjuvenil.es\/index.php?rest_route=\/wp\/v2\/pages\/323\/revisions\/505"}],"wp:attachment":[{"href":"https:\/\/redaccionjuvenil.es\/index.php?rest_route=%2Fwp%2Fv2%2Fmedia&parent=323"}],"curies":[{"name":"wp","href":"https:\/\/api.w.org\/{rel}","templated":true}]}}