{"id":329,"date":"2026-03-04T09:31:48","date_gmt":"2026-03-04T09:31:48","guid":{"rendered":"https:\/\/redaccionjuvenil.es\/?page_id=329"},"modified":"2026-03-12T08:59:10","modified_gmt":"2026-03-12T08:59:10","slug":"ymca-espana","status":"publish","type":"page","link":"https:\/\/redaccionjuvenil.es\/?page_id=329","title":{"rendered":"YMCA Espa\u00f1a"},"content":{"rendered":"\n<p>YMCA es una organizaci\u00f3n no lucrativa gestionada por voluntarios cuyo objetivo es la mejora de la sociedad a trav\u00e9s del desarrollo integral de la juventud. Fue fundada en 1844 en Londres y en la actualidad opera en todo el mundo y, en concreto, en Espa\u00f1a tiene 28 centros.<\/p>\n\n\n\n<p>Llevan a cabo actividades dirigidas a ni\u00f1os, j\u00f3venes y familias con dificultades y en riesgo de exclusi\u00f3n, adem\u00e1s en estos momentos se est\u00e1n especializando en formaci\u00f3n y servicios de empleo. En Valladolid se instalaron en 2002 en el Pasaje de la Marquesina 15.<\/p>\n\n\n\n<hr class=\"wp-block-separator has-alpha-channel-opacity\"\/>\n\n\n\n<h2 class=\"wp-block-heading\">\u00daltimas noticias:<\/h2>\n\n\n<ul class=\"wp-block-latest-posts__list is-grid columns-3 has-link-color wp-elements-7135bab8584e21787c1deb1c0840c3af wp-block-latest-posts has-text-color has-black-color has-background has-white-background-color\"><li><div class=\"wp-block-latest-posts__featured-image aligncenter\"><img loading=\"lazy\" decoding=\"async\" width=\"640\" height=\"427\" src=\"https:\/\/redaccionjuvenil.es\/wp-content\/uploads\/2026\/04\/stocksnap-man-2562325-1024x683.jpg\" class=\"attachment-large size-large wp-post-image\" alt=\"Joven con ordenador\" style=\"\" srcset=\"https:\/\/redaccionjuvenil.es\/wp-content\/uploads\/2026\/04\/stocksnap-man-2562325-1024x683.jpg 1024w, https:\/\/redaccionjuvenil.es\/wp-content\/uploads\/2026\/04\/stocksnap-man-2562325-300x200.jpg 300w, https:\/\/redaccionjuvenil.es\/wp-content\/uploads\/2026\/04\/stocksnap-man-2562325-768x512.jpg 768w, https:\/\/redaccionjuvenil.es\/wp-content\/uploads\/2026\/04\/stocksnap-man-2562325-1536x1024.jpg 1536w, https:\/\/redaccionjuvenil.es\/wp-content\/uploads\/2026\/04\/stocksnap-man-2562325-2048x1365.jpg 2048w, https:\/\/redaccionjuvenil.es\/wp-content\/uploads\/2026\/04\/stocksnap-man-2562325-600x400.jpg 600w\" sizes=\"auto, (max-width: 640px) 100vw, 640px\" \/><\/div><a class=\"wp-block-latest-posts__post-title\" href=\"https:\/\/redaccionjuvenil.es\/?p=914\">YMCA pone en marcha Impulsando el Futuro de los J\u00f3venes\u00a0<\/a><div class=\"wp-block-latest-posts__post-excerpt\">El paro juvenil es un problema mundial. Seg\u00fan un estudio de la Organizaci\u00f3n Internacional del Trabajo en 2023, el 20%&#8230;<\/div><\/li>\n<li><div class=\"wp-block-latest-posts__featured-image aligncenter\"><img loading=\"lazy\" decoding=\"async\" width=\"640\" height=\"360\" src=\"https:\/\/redaccionjuvenil.es\/wp-content\/uploads\/2026\/04\/IMG_20260417_164016-2-1024x576.jpg\" class=\"attachment-large size-large wp-post-image\" alt=\"La salud mental en adolescentes y j\u00f3venes\" style=\"\" srcset=\"https:\/\/redaccionjuvenil.es\/wp-content\/uploads\/2026\/04\/IMG_20260417_164016-2-1024x576.jpg 1024w, https:\/\/redaccionjuvenil.es\/wp-content\/uploads\/2026\/04\/IMG_20260417_164016-2-300x169.jpg 300w, https:\/\/redaccionjuvenil.es\/wp-content\/uploads\/2026\/04\/IMG_20260417_164016-2-768x432.jpg 768w, https:\/\/redaccionjuvenil.es\/wp-content\/uploads\/2026\/04\/IMG_20260417_164016-2-1536x864.jpg 1536w, https:\/\/redaccionjuvenil.es\/wp-content\/uploads\/2026\/04\/IMG_20260417_164016-2-2048x1153.jpg 2048w\" sizes=\"auto, (max-width: 640px) 100vw, 640px\" \/><\/div><a class=\"wp-block-latest-posts__post-title\" href=\"https:\/\/redaccionjuvenil.es\/?p=873\">Concienciaci\u00f3n y gesti\u00f3n emocional como claves en la salud mental de los adolescentes<\/a><div class=\"wp-block-latest-posts__post-excerpt\">Asociaciones como YMCA promueven actividades para dotar a los j\u00f3venes de herramientas que les permitan prevenir y comprender sus problemas&#8230;<\/div><\/li>\n<li><div class=\"wp-block-latest-posts__featured-image aligncenter\"><img loading=\"lazy\" decoding=\"async\" width=\"640\" height=\"360\" src=\"https:\/\/redaccionjuvenil.es\/wp-content\/uploads\/2026\/04\/Diseno-sin-titulo-1-1024x576.jpg\" class=\"attachment-large size-large wp-post-image\" alt=\"Imagenes del encuentro\" style=\"\" srcset=\"https:\/\/redaccionjuvenil.es\/wp-content\/uploads\/2026\/04\/Diseno-sin-titulo-1-1024x576.jpg 1024w, https:\/\/redaccionjuvenil.es\/wp-content\/uploads\/2026\/04\/Diseno-sin-titulo-1-300x169.jpg 300w, https:\/\/redaccionjuvenil.es\/wp-content\/uploads\/2026\/04\/Diseno-sin-titulo-1-768x432.jpg 768w, https:\/\/redaccionjuvenil.es\/wp-content\/uploads\/2026\/04\/Diseno-sin-titulo-1-1536x864.jpg 1536w, https:\/\/redaccionjuvenil.es\/wp-content\/uploads\/2026\/04\/Diseno-sin-titulo-1.jpg 1920w\" sizes=\"auto, (max-width: 640px) 100vw, 640px\" \/><\/div><a class=\"wp-block-latest-posts__post-title\" href=\"https:\/\/redaccionjuvenil.es\/?p=841\">Salamanca acoge el X Encuentro de Voluntariado de YMCA Castilla y Le\u00f3n<\/a><div class=\"wp-block-latest-posts__post-excerpt\">El voluntariado se consolida como una herramienta clave de transformaci\u00f3n social y una fuerza poderosa para hacer que las cosas&#8230;<\/div><\/li>\n<li><div class=\"wp-block-latest-posts__featured-image aligncenter\"><img loading=\"lazy\" decoding=\"async\" width=\"453\" height=\"253\" src=\"https:\/\/redaccionjuvenil.es\/wp-content\/uploads\/2026\/03\/Screenshot-2026-03-28-20.12.43.png\" class=\"attachment-large size-large wp-post-image\" alt=\"Estanter\u00eda. Foto propia\" style=\"\" srcset=\"https:\/\/redaccionjuvenil.es\/wp-content\/uploads\/2026\/03\/Screenshot-2026-03-28-20.12.43.png 453w, https:\/\/redaccionjuvenil.es\/wp-content\/uploads\/2026\/03\/Screenshot-2026-03-28-20.12.43-300x168.png 300w\" sizes=\"auto, (max-width: 453px) 100vw, 453px\" \/><\/div><a class=\"wp-block-latest-posts__post-title\" href=\"https:\/\/redaccionjuvenil.es\/?p=742\">Los j\u00f3venes s\u00ed leen: la lectura en la era de las redes sociales\u00a0<\/a><div class=\"wp-block-latest-posts__post-excerpt\">La relaci\u00f3n de la gente joven con la lectura ahora es diferente a como lo era hace unos a\u00f1os. Las&#8230;<\/div><\/li>\n<li><div class=\"wp-block-latest-posts__featured-image aligncenter\"><img loading=\"lazy\" decoding=\"async\" width=\"640\" height=\"360\" src=\"https:\/\/redaccionjuvenil.es\/wp-content\/uploads\/2026\/03\/la-culpa-es-suya-1-1024x576.jpg\" class=\"attachment-large size-large wp-post-image\" alt=\"\" style=\"\" srcset=\"https:\/\/redaccionjuvenil.es\/wp-content\/uploads\/2026\/03\/la-culpa-es-suya-1-1024x576.jpg 1024w, https:\/\/redaccionjuvenil.es\/wp-content\/uploads\/2026\/03\/la-culpa-es-suya-1-300x169.jpg 300w, https:\/\/redaccionjuvenil.es\/wp-content\/uploads\/2026\/03\/la-culpa-es-suya-1-768x432.jpg 768w, https:\/\/redaccionjuvenil.es\/wp-content\/uploads\/2026\/03\/la-culpa-es-suya-1.jpg 1280w\" sizes=\"auto, (max-width: 640px) 100vw, 640px\" \/><\/div><a class=\"wp-block-latest-posts__post-title\" href=\"https:\/\/redaccionjuvenil.es\/?p=638\">Sensibilizaci\u00f3n y actuaci\u00f3n ante la ciberviolencia sexual<\/a><div class=\"wp-block-latest-posts__post-excerpt\">Imagen de la campa\u00f1a #LaCulpaEsSoloSuya<\/div><\/li>\n<li><div class=\"wp-block-latest-posts__featured-image aligncenter\"><img loading=\"lazy\" decoding=\"async\" width=\"449\" height=\"234\" src=\"https:\/\/redaccionjuvenil.es\/wp-content\/uploads\/2026\/03\/8.png\" class=\"attachment-large size-large wp-post-image\" alt=\"Campa\u00f1a Breakthefake YMCA\" style=\"\" srcset=\"https:\/\/redaccionjuvenil.es\/wp-content\/uploads\/2026\/03\/8.png 449w, https:\/\/redaccionjuvenil.es\/wp-content\/uploads\/2026\/03\/8-300x156.png 300w\" sizes=\"auto, (max-width: 449px) 100vw, 449px\" \/><\/div><a class=\"wp-block-latest-posts__post-title\" href=\"https:\/\/redaccionjuvenil.es\/?p=582\">Break The Fake para acabar con la desinformaci\u00f3n juvenil<\/a><div class=\"wp-block-latest-posts__post-excerpt\">Campa\u00f1a BreakTheFake YMCA\n<\/div><\/li>\n<\/ul>\n\n\n<p><\/p>\n","protected":false},"excerpt":{"rendered":"<p>YMCA es una organizaci\u00f3n no lucrativa gestionada por voluntarios cuyo objetivo es la mejora de la sociedad a trav\u00e9s del desarrollo integral de la juventud. Fue fundada en 1844 en&#8230;<\/p>\n","protected":false},"author":1,"featured_media":0,"parent":0,"menu_order":0,"comment_status":"closed","ping_status":"closed","template":"","meta":{"_kadence_starter_templates_imported_post":false,"footnotes":""},"class_list":["post-329","page","type-page","status-publish","hentry"],"yoast_head":"<!-- This site is optimized with the Yoast SEO plugin v27.1.1 - https:\/\/yoast.com\/product\/yoast-seo-wordpress\/ -->\n<title>YMCA Espa\u00f1a - RED-ACCI\u00d3N JUVENIL<\/title>\n<meta name=\"robots\" content=\"index, follow, max-snippet:-1, max-image-preview:large, max-video-preview:-1\" \/>\n<link rel=\"canonical\" href=\"https:\/\/redaccionjuvenil.es\/?page_id=329\" \/>\n<meta property=\"og:locale\" content=\"es_ES\" \/>\n<meta property=\"og:type\" content=\"article\" \/>\n<meta property=\"og:title\" content=\"YMCA Espa\u00f1a - RED-ACCI\u00d3N JUVENIL\" \/>\n<meta property=\"og:description\" content=\"YMCA es una organizaci\u00f3n no lucrativa gestionada por voluntarios cuyo objetivo es la mejora de la sociedad a trav\u00e9s del desarrollo integral de la juventud. Fue fundada en 1844 en...\" \/>\n<meta property=\"og:url\" content=\"https:\/\/redaccionjuvenil.es\/?page_id=329\" \/>\n<meta property=\"og:site_name\" content=\"RED-ACCI\u00d3N JUVENIL\" \/>\n<meta property=\"article:modified_time\" content=\"2026-03-12T08:59:10+00:00\" \/>\n<meta name=\"twitter:card\" content=\"summary_large_image\" \/>\n<meta name=\"twitter:label1\" content=\"Tiempo de lectura\" \/>\n\t<meta name=\"twitter:data1\" content=\"1 minuto\" \/>\n<script type=\"application\/ld+json\" class=\"yoast-schema-graph\">{\"@context\":\"https:\/\/schema.org\",\"@graph\":[{\"@type\":\"WebPage\",\"@id\":\"https:\/\/redaccionjuvenil.es\/?page_id=329\",\"url\":\"https:\/\/redaccionjuvenil.es\/?page_id=329\",\"name\":\"YMCA Espa\u00f1a - RED-ACCI\u00d3N JUVENIL\",\"isPartOf\":{\"@id\":\"https:\/\/redaccionjuvenil.es\/#website\"},\"datePublished\":\"2026-03-04T09:31:48+00:00\",\"dateModified\":\"2026-03-12T08:59:10+00:00\",\"breadcrumb\":{\"@id\":\"https:\/\/redaccionjuvenil.es\/?page_id=329#breadcrumb\"},\"inLanguage\":\"es\",\"potentialAction\":[{\"@type\":\"ReadAction\",\"target\":[\"https:\/\/redaccionjuvenil.es\/?page_id=329\"]}]},{\"@type\":\"BreadcrumbList\",\"@id\":\"https:\/\/redaccionjuvenil.es\/?page_id=329#breadcrumb\",\"itemListElement\":[{\"@type\":\"ListItem\",\"position\":1,\"name\":\"Portada\",\"item\":\"https:\/\/redaccionjuvenil.es\/\"},{\"@type\":\"ListItem\",\"position\":2,\"name\":\"YMCA Espa\u00f1a\"}]},{\"@type\":\"WebSite\",\"@id\":\"https:\/\/redaccionjuvenil.es\/#website\",\"url\":\"https:\/\/redaccionjuvenil.es\/\",\"name\":\"RED-ACCI\u00d3N JUVENIL\",\"description\":\"DONDE LA JUVENTUD INFORMA Y TRANSFORMA\",\"publisher\":{\"@id\":\"https:\/\/redaccionjuvenil.es\/#organization\"},\"potentialAction\":[{\"@type\":\"SearchAction\",\"target\":{\"@type\":\"EntryPoint\",\"urlTemplate\":\"https:\/\/redaccionjuvenil.es\/?s={search_term_string}\"},\"query-input\":{\"@type\":\"PropertyValueSpecification\",\"valueRequired\":true,\"valueName\":\"search_term_string\"}}],\"inLanguage\":\"es\"},{\"@type\":\"Organization\",\"@id\":\"https:\/\/redaccionjuvenil.es\/#organization\",\"name\":\"RED-ACCI\u00d3N JUVENIL\",\"url\":\"https:\/\/redaccionjuvenil.es\/\",\"logo\":{\"@type\":\"ImageObject\",\"inLanguage\":\"es\",\"@id\":\"https:\/\/redaccionjuvenil.es\/#\/schema\/logo\/image\/\",\"url\":\"https:\/\/redaccionjuvenil.es\/wp-content\/uploads\/2026\/03\/cropped-cropped-logo_redaccion_juvenil_primer_propuesta-1.png\",\"contentUrl\":\"https:\/\/redaccionjuvenil.es\/wp-content\/uploads\/2026\/03\/cropped-cropped-logo_redaccion_juvenil_primer_propuesta-1.png\",\"width\":723,\"height\":723,\"caption\":\"RED-ACCI\u00d3N JUVENIL\"},\"image\":{\"@id\":\"https:\/\/redaccionjuvenil.es\/#\/schema\/logo\/image\/\"}}]}<\/script>\n<!-- \/ Yoast SEO plugin. -->","yoast_head_json":{"title":"YMCA Espa\u00f1a - RED-ACCI\u00d3N JUVENIL","robots":{"index":"index","follow":"follow","max-snippet":"max-snippet:-1","max-image-preview":"max-image-preview:large","max-video-preview":"max-video-preview:-1"},"canonical":"https:\/\/redaccionjuvenil.es\/?page_id=329","og_locale":"es_ES","og_type":"article","og_title":"YMCA Espa\u00f1a - RED-ACCI\u00d3N JUVENIL","og_description":"YMCA es una organizaci\u00f3n no lucrativa gestionada por voluntarios cuyo objetivo es la mejora de la sociedad a trav\u00e9s del desarrollo integral de la juventud. Fue fundada en 1844 en...","og_url":"https:\/\/redaccionjuvenil.es\/?page_id=329","og_site_name":"RED-ACCI\u00d3N JUVENIL","article_modified_time":"2026-03-12T08:59:10+00:00","twitter_card":"summary_large_image","twitter_misc":{"Tiempo de lectura":"1 minuto"},"schema":{"@context":"https:\/\/schema.org","@graph":[{"@type":"WebPage","@id":"https:\/\/redaccionjuvenil.es\/?page_id=329","url":"https:\/\/redaccionjuvenil.es\/?page_id=329","name":"YMCA Espa\u00f1a - RED-ACCI\u00d3N JUVENIL","isPartOf":{"@id":"https:\/\/redaccionjuvenil.es\/#website"},"datePublished":"2026-03-04T09:31:48+00:00","dateModified":"2026-03-12T08:59:10+00:00","breadcrumb":{"@id":"https:\/\/redaccionjuvenil.es\/?page_id=329#breadcrumb"},"inLanguage":"es","potentialAction":[{"@type":"ReadAction","target":["https:\/\/redaccionjuvenil.es\/?page_id=329"]}]},{"@type":"BreadcrumbList","@id":"https:\/\/redaccionjuvenil.es\/?page_id=329#breadcrumb","itemListElement":[{"@type":"ListItem","position":1,"name":"Portada","item":"https:\/\/redaccionjuvenil.es\/"},{"@type":"ListItem","position":2,"name":"YMCA Espa\u00f1a"}]},{"@type":"WebSite","@id":"https:\/\/redaccionjuvenil.es\/#website","url":"https:\/\/redaccionjuvenil.es\/","name":"RED-ACCI\u00d3N JUVENIL","description":"DONDE LA JUVENTUD INFORMA Y TRANSFORMA","publisher":{"@id":"https:\/\/redaccionjuvenil.es\/#organization"},"potentialAction":[{"@type":"SearchAction","target":{"@type":"EntryPoint","urlTemplate":"https:\/\/redaccionjuvenil.es\/?s={search_term_string}"},"query-input":{"@type":"PropertyValueSpecification","valueRequired":true,"valueName":"search_term_string"}}],"inLanguage":"es"},{"@type":"Organization","@id":"https:\/\/redaccionjuvenil.es\/#organization","name":"RED-ACCI\u00d3N JUVENIL","url":"https:\/\/redaccionjuvenil.es\/","logo":{"@type":"ImageObject","inLanguage":"es","@id":"https:\/\/redaccionjuvenil.es\/#\/schema\/logo\/image\/","url":"https:\/\/redaccionjuvenil.es\/wp-content\/uploads\/2026\/03\/cropped-cropped-logo_redaccion_juvenil_primer_propuesta-1.png","contentUrl":"https:\/\/redaccionjuvenil.es\/wp-content\/uploads\/2026\/03\/cropped-cropped-logo_redaccion_juvenil_primer_propuesta-1.png","width":723,"height":723,"caption":"RED-ACCI\u00d3N JUVENIL"},"image":{"@id":"https:\/\/redaccionjuvenil.es\/#\/schema\/logo\/image\/"}}]}},"_links":{"self":[{"href":"https:\/\/redaccionjuvenil.es\/index.php?rest_route=\/wp\/v2\/pages\/329","targetHints":{"allow":["GET"]}}],"collection":[{"href":"https:\/\/redaccionjuvenil.es\/index.php?rest_route=\/wp\/v2\/pages"}],"about":[{"href":"https:\/\/redaccionjuvenil.es\/index.php?rest_route=\/wp\/v2\/types\/page"}],"author":[{"embeddable":true,"href":"https:\/\/redaccionjuvenil.es\/index.php?rest_route=\/wp\/v2\/users\/1"}],"replies":[{"embeddable":true,"href":"https:\/\/redaccionjuvenil.es\/index.php?rest_route=%2Fwp%2Fv2%2Fcomments&post=329"}],"version-history":[{"count":5,"href":"https:\/\/redaccionjuvenil.es\/index.php?rest_route=\/wp\/v2\/pages\/329\/revisions"}],"predecessor-version":[{"id":508,"href":"https:\/\/redaccionjuvenil.es\/index.php?rest_route=\/wp\/v2\/pages\/329\/revisions\/508"}],"wp:attachment":[{"href":"https:\/\/redaccionjuvenil.es\/index.php?rest_route=%2Fwp%2Fv2%2Fmedia&parent=329"}],"curies":[{"name":"wp","href":"https:\/\/api.w.org\/{rel}","templated":true}]}}