{"id":332,"date":"2026-03-04T09:32:31","date_gmt":"2026-03-04T09:32:31","guid":{"rendered":"https:\/\/redaccionjuvenil.es\/?page_id=332"},"modified":"2026-04-27T08:02:27","modified_gmt":"2026-04-27T08:02:27","slug":"fundacion-don-bosco","status":"publish","type":"page","link":"https:\/\/redaccionjuvenil.es\/?page_id=332","title":{"rendered":"Federaci\u00f3n de Centros Juveniles Don Bosco"},"content":{"rendered":"\n<p>La Federaci\u00f3n de Centros Juveniles Don Bosco de Castilla y Le\u00f3n trabaja en la prevenci\u00f3n,&nbsp;educaci\u00f3n en el tiempo libre, animaci\u00f3n juvenil y desarrollo&nbsp;sociocultural.&nbsp;Trabajan&nbsp;por la defensa y promoci\u00f3n de la infancia y la juventud,&nbsp;especialmente de quienes se encuentran en situaci\u00f3n de riesgo de exclusi\u00f3n social.&nbsp;&nbsp;<\/p>\n\n\n\n<p>Desarrolla programas de integraci\u00f3n social de j\u00f3venes, de infancia, formaci\u00f3n de voluntariado y promoci\u00f3n de h\u00e1bitos de vida saludable, de est\u00edmulo creador de los j\u00f3venes, de promoci\u00f3n del empleo juvenil, de educaci\u00f3n en valores y de prevenci\u00f3n de la marginaci\u00f3n.&nbsp;<\/p>\n\n\n\n<div class=\"wp-block-columns is-layout-flex wp-container-core-columns-is-layout-9d6595d7 wp-block-columns-is-layout-flex\">\n<div class=\"wp-block-column is-layout-flow wp-block-column-is-layout-flow\">\n<h2 class=\"wp-block-heading\">Contacto:<\/h2>\n\n\n\n<ul class=\"wp-block-list\">\n<li><a href=\"https:\/\/www.federboscocyl.org\/?fbclid=IwY2xjawQVOMBleHRuA2FlbQIxMABicmlkETFPbWphck1sMWZYNUpzakpac3J0YwZhcHBfaWQQMjIyMDM5MTc4ODIwMDg5MgABHqBnsfy_4qqzvxcg2uBoWm8Hg1Vr4957qkjTIH4oyk6ESbOH78WXZnXFKeYe_aem_ItcVy_MctAosR31igf2eFQ\">P\u00e1gina web<\/a><\/li>\n\n\n\n<li><a href=\"https:\/\/www.facebook.com\/federboscocyl1\/?locale=es_ES\">Facebook<\/a><\/li>\n<\/ul>\n<\/div>\n\n\n\n<div class=\"wp-block-column is-layout-flow wp-block-column-is-layout-flow\"><div class=\"wp-block-image\">\n<figure class=\"aligncenter size-full\"><img loading=\"lazy\" decoding=\"async\" width=\"637\" height=\"347\" src=\"https:\/\/redaccionjuvenil.es\/wp-content\/uploads\/2026\/03\/don-bosco.png\" alt=\"\" class=\"wp-image-463\" srcset=\"https:\/\/redaccionjuvenil.es\/wp-content\/uploads\/2026\/03\/don-bosco.png 637w, https:\/\/redaccionjuvenil.es\/wp-content\/uploads\/2026\/03\/don-bosco-300x163.png 300w\" sizes=\"auto, (max-width: 637px) 100vw, 637px\" \/><\/figure>\n<\/div><\/div>\n<\/div>\n\n\n\n<hr class=\"wp-block-separator has-alpha-channel-opacity\"\/>\n\n\n\n<h2 class=\"wp-block-heading\">\u00daltimas noticias<\/h2>\n\n\n<ul class=\"wp-block-latest-posts__list is-grid columns-3 has-link-color wp-elements-a786a4bcd48becb35748fa4221e9094a wp-block-latest-posts has-text-color has-black-color has-background has-white-background-color\"><li><div class=\"wp-block-latest-posts__featured-image aligncenter\"><img loading=\"lazy\" decoding=\"async\" width=\"640\" height=\"480\" src=\"https:\/\/redaccionjuvenil.es\/wp-content\/uploads\/2026\/04\/entrevista_alexandra_donboscoa-1024x768.jpg\" class=\"attachment-large size-large wp-post-image\" alt=\"\" style=\"\" srcset=\"https:\/\/redaccionjuvenil.es\/wp-content\/uploads\/2026\/04\/entrevista_alexandra_donboscoa-1024x768.jpg 1024w, https:\/\/redaccionjuvenil.es\/wp-content\/uploads\/2026\/04\/entrevista_alexandra_donboscoa-300x225.jpg 300w, https:\/\/redaccionjuvenil.es\/wp-content\/uploads\/2026\/04\/entrevista_alexandra_donboscoa-768x576.jpg 768w, https:\/\/redaccionjuvenil.es\/wp-content\/uploads\/2026\/04\/entrevista_alexandra_donboscoa-1536x1152.jpg 1536w, https:\/\/redaccionjuvenil.es\/wp-content\/uploads\/2026\/04\/entrevista_alexandra_donboscoa-2048x1536.jpg 2048w\" sizes=\"auto, (max-width: 640px) 100vw, 640px\" \/><\/div><a class=\"wp-block-latest-posts__post-title\" href=\"https:\/\/redaccionjuvenil.es\/?p=898\">Alexandra, Federaci\u00f3n de CJ Don Bosco: \u00abUno de los retos que tenemos es que los j\u00f3venes vengan como voluntarios\u00bb<\/a><div class=\"wp-block-latest-posts__post-excerpt\">Alexandra pertenece a la Federaci\u00f3n de Centros Juveniles Don Bosco desde ni\u00f1a, desde entonces nunca ha abandonado el entorno por&#8230;<\/div><\/li>\n<li><div class=\"wp-block-latest-posts__featured-image aligncenter\"><img loading=\"lazy\" decoding=\"async\" width=\"640\" height=\"427\" src=\"https:\/\/redaccionjuvenil.es\/wp-content\/uploads\/2026\/04\/iqbalstock-muslim-7520627_1920-1024x683.jpg\" class=\"attachment-large size-large wp-post-image\" alt=\"\" style=\"\" srcset=\"https:\/\/redaccionjuvenil.es\/wp-content\/uploads\/2026\/04\/iqbalstock-muslim-7520627_1920-1024x683.jpg 1024w, https:\/\/redaccionjuvenil.es\/wp-content\/uploads\/2026\/04\/iqbalstock-muslim-7520627_1920-300x200.jpg 300w, https:\/\/redaccionjuvenil.es\/wp-content\/uploads\/2026\/04\/iqbalstock-muslim-7520627_1920-768x512.jpg 768w, https:\/\/redaccionjuvenil.es\/wp-content\/uploads\/2026\/04\/iqbalstock-muslim-7520627_1920-1536x1024.jpg 1536w, https:\/\/redaccionjuvenil.es\/wp-content\/uploads\/2026\/04\/iqbalstock-muslim-7520627_1920-600x400.jpg 600w, https:\/\/redaccionjuvenil.es\/wp-content\/uploads\/2026\/04\/iqbalstock-muslim-7520627_1920.jpg 1920w\" sizes=\"auto, (max-width: 640px) 100vw, 640px\" \/><\/div><a class=\"wp-block-latest-posts__post-title\" href=\"https:\/\/redaccionjuvenil.es\/?p=886\">El apoyo socioeducativo para j\u00f3venes en situaci\u00f3n de vulnerabilidad<\/a><div class=\"wp-block-latest-posts__post-excerpt\">Seg\u00fan los datos recogidos en el informe de \u201cLa Juventud en Cifras\u201d desde la Junta de Castilla y Le\u00f3n, la&#8230;<\/div><\/li>\n<li><div class=\"wp-block-latest-posts__featured-image aligncenter\"><img loading=\"lazy\" decoding=\"async\" width=\"640\" height=\"360\" src=\"https:\/\/redaccionjuvenil.es\/wp-content\/uploads\/2026\/03\/NOTICIA-RJ_Nero_AI_Image_Upscaler_Photo_Face-1-1024x576.jpeg\" class=\"attachment-large size-large wp-post-image\" alt=\"\" style=\"\" srcset=\"https:\/\/redaccionjuvenil.es\/wp-content\/uploads\/2026\/03\/NOTICIA-RJ_Nero_AI_Image_Upscaler_Photo_Face-1-1024x576.jpeg 1024w, https:\/\/redaccionjuvenil.es\/wp-content\/uploads\/2026\/03\/NOTICIA-RJ_Nero_AI_Image_Upscaler_Photo_Face-1-300x169.jpeg 300w, https:\/\/redaccionjuvenil.es\/wp-content\/uploads\/2026\/03\/NOTICIA-RJ_Nero_AI_Image_Upscaler_Photo_Face-1-768x432.jpeg 768w, https:\/\/redaccionjuvenil.es\/wp-content\/uploads\/2026\/03\/NOTICIA-RJ_Nero_AI_Image_Upscaler_Photo_Face-1-1536x864.jpeg 1536w, https:\/\/redaccionjuvenil.es\/wp-content\/uploads\/2026\/03\/NOTICIA-RJ_Nero_AI_Image_Upscaler_Photo_Face-1-2048x1152.jpeg 2048w\" sizes=\"auto, (max-width: 640px) 100vw, 640px\" \/><\/div><a class=\"wp-block-latest-posts__post-title\" href=\"https:\/\/redaccionjuvenil.es\/?p=604\">Una jornada con mucha m\u00fasica, uni\u00f3n y danza<\/a><div class=\"wp-block-latest-posts__post-excerpt\">La Casa Aleste celebr\u00f3 el pasado s\u00e1bado 28 de marzo, la XXXII edici\u00f3n de El Candilazo, en una semana definida&#8230;<\/div><\/li>\n<li><div class=\"wp-block-latest-posts__featured-image aligncenter\"><img loading=\"lazy\" decoding=\"async\" width=\"640\" height=\"453\" src=\"https:\/\/redaccionjuvenil.es\/wp-content\/uploads\/2026\/03\/cartel-solfest-1024x724.jpeg\" class=\"attachment-large size-large wp-post-image\" alt=\"Cartel informativo de la primera edici\u00f3n del festival solidario, Solfest\" style=\"\" srcset=\"https:\/\/redaccionjuvenil.es\/wp-content\/uploads\/2026\/03\/cartel-solfest-1024x724.jpeg 1024w, https:\/\/redaccionjuvenil.es\/wp-content\/uploads\/2026\/03\/cartel-solfest-300x212.jpeg 300w, https:\/\/redaccionjuvenil.es\/wp-content\/uploads\/2026\/03\/cartel-solfest-768x543.jpeg 768w, https:\/\/redaccionjuvenil.es\/wp-content\/uploads\/2026\/03\/cartel-solfest-1536x1086.jpeg 1536w, https:\/\/redaccionjuvenil.es\/wp-content\/uploads\/2026\/03\/cartel-solfest.jpeg 1600w\" sizes=\"auto, (max-width: 640px) 100vw, 640px\" \/><\/div><a class=\"wp-block-latest-posts__post-title\" href=\"https:\/\/redaccionjuvenil.es\/?p=626\">Solfest, el festival solidario que ayudar\u00e1 a centenares de familias en Z\u00e1rate (Argentina)<\/a><div class=\"wp-block-latest-posts__post-excerpt\">El certamen musical organizado de la mano de la Casa de Juventud Aleste y la Cooperaci\u00f3n Salesiana para los J\u00f3venes&#8230;<\/div><\/li>\n<li><div class=\"wp-block-latest-posts__featured-image aligncenter\"><img loading=\"lazy\" decoding=\"async\" width=\"640\" height=\"579\" src=\"https:\/\/redaccionjuvenil.es\/wp-content\/uploads\/2026\/03\/IMG-20260312-WA0108-1-1024x927.jpg\" class=\"attachment-large size-large wp-post-image\" alt=\"\" style=\"\" srcset=\"https:\/\/redaccionjuvenil.es\/wp-content\/uploads\/2026\/03\/IMG-20260312-WA0108-1-1024x927.jpg 1024w, https:\/\/redaccionjuvenil.es\/wp-content\/uploads\/2026\/03\/IMG-20260312-WA0108-1-300x272.jpg 300w, https:\/\/redaccionjuvenil.es\/wp-content\/uploads\/2026\/03\/IMG-20260312-WA0108-1-768x695.jpg 768w, https:\/\/redaccionjuvenil.es\/wp-content\/uploads\/2026\/03\/IMG-20260312-WA0108-1.jpg 1131w\" sizes=\"auto, (max-width: 640px) 100vw, 640px\" \/><\/div><a class=\"wp-block-latest-posts__post-title\" href=\"https:\/\/redaccionjuvenil.es\/?p=540\">Don Bosco celebra su &#8216;Encuentro IEF 2026&#8217;<\/a><div class=\"wp-block-latest-posts__post-excerpt\">La Federaci\u00f3n de Centros Juveniles Don Bosco celebra su Encuentro IEF 2026. Las asociaciones de Valladolid, Villamuriel, Avil\u00e9s y Le\u00f3n&#8230;<\/div><\/li>\n<\/ul>","protected":false},"excerpt":{"rendered":"<p>La Federaci\u00f3n de Centros Juveniles Don Bosco de Castilla y Le\u00f3n trabaja en la prevenci\u00f3n,&nbsp;educaci\u00f3n en el tiempo libre, animaci\u00f3n juvenil y desarrollo&nbsp;sociocultural.&nbsp;Trabajan&nbsp;por la defensa y promoci\u00f3n de la infancia&#8230;<\/p>\n","protected":false},"author":1,"featured_media":0,"parent":0,"menu_order":0,"comment_status":"closed","ping_status":"closed","template":"","meta":{"_kadence_starter_templates_imported_post":false,"footnotes":""},"class_list":["post-332","page","type-page","status-publish","hentry"],"yoast_head":"<!-- This site is optimized with the Yoast SEO plugin v27.1.1 - https:\/\/yoast.com\/product\/yoast-seo-wordpress\/ -->\n<title>Federaci\u00f3n de Centros Juveniles Don Bosco - RED-ACCI\u00d3N JUVENIL<\/title>\n<meta name=\"robots\" content=\"index, follow, max-snippet:-1, max-image-preview:large, max-video-preview:-1\" \/>\n<link rel=\"canonical\" href=\"https:\/\/redaccionjuvenil.es\/?page_id=332\" \/>\n<meta property=\"og:locale\" content=\"es_ES\" \/>\n<meta property=\"og:type\" content=\"article\" \/>\n<meta property=\"og:title\" content=\"Federaci\u00f3n de Centros Juveniles Don Bosco - RED-ACCI\u00d3N JUVENIL\" \/>\n<meta property=\"og:description\" content=\"La Federaci\u00f3n de Centros Juveniles Don Bosco de Castilla y Le\u00f3n trabaja en la prevenci\u00f3n,&nbsp;educaci\u00f3n en el tiempo libre, animaci\u00f3n juvenil y desarrollo&nbsp;sociocultural.&nbsp;Trabajan&nbsp;por la defensa y promoci\u00f3n de la infancia...\" \/>\n<meta property=\"og:url\" content=\"https:\/\/redaccionjuvenil.es\/?page_id=332\" \/>\n<meta property=\"og:site_name\" content=\"RED-ACCI\u00d3N JUVENIL\" \/>\n<meta property=\"article:modified_time\" content=\"2026-04-27T08:02:27+00:00\" \/>\n<meta property=\"og:image\" content=\"https:\/\/redaccionjuvenil.es\/wp-content\/uploads\/2026\/03\/don-bosco.png\" \/>\n\t<meta property=\"og:image:width\" content=\"637\" \/>\n\t<meta property=\"og:image:height\" content=\"347\" \/>\n\t<meta property=\"og:image:type\" content=\"image\/png\" \/>\n<meta name=\"twitter:card\" content=\"summary_large_image\" \/>\n<meta name=\"twitter:label1\" content=\"Tiempo de lectura\" \/>\n\t<meta name=\"twitter:data1\" content=\"1 minuto\" \/>\n<script type=\"application\/ld+json\" class=\"yoast-schema-graph\">{\"@context\":\"https:\/\/schema.org\",\"@graph\":[{\"@type\":\"WebPage\",\"@id\":\"https:\/\/redaccionjuvenil.es\/?page_id=332\",\"url\":\"https:\/\/redaccionjuvenil.es\/?page_id=332\",\"name\":\"Federaci\u00f3n de Centros Juveniles Don Bosco - RED-ACCI\u00d3N JUVENIL\",\"isPartOf\":{\"@id\":\"https:\/\/redaccionjuvenil.es\/#website\"},\"primaryImageOfPage\":{\"@id\":\"https:\/\/redaccionjuvenil.es\/?page_id=332#primaryimage\"},\"image\":{\"@id\":\"https:\/\/redaccionjuvenil.es\/?page_id=332#primaryimage\"},\"thumbnailUrl\":\"https:\/\/redaccionjuvenil.es\/wp-content\/uploads\/2026\/03\/don-bosco.png\",\"datePublished\":\"2026-03-04T09:32:31+00:00\",\"dateModified\":\"2026-04-27T08:02:27+00:00\",\"breadcrumb\":{\"@id\":\"https:\/\/redaccionjuvenil.es\/?page_id=332#breadcrumb\"},\"inLanguage\":\"es\",\"potentialAction\":[{\"@type\":\"ReadAction\",\"target\":[\"https:\/\/redaccionjuvenil.es\/?page_id=332\"]}]},{\"@type\":\"ImageObject\",\"inLanguage\":\"es\",\"@id\":\"https:\/\/redaccionjuvenil.es\/?page_id=332#primaryimage\",\"url\":\"https:\/\/redaccionjuvenil.es\/wp-content\/uploads\/2026\/03\/don-bosco.png\",\"contentUrl\":\"https:\/\/redaccionjuvenil.es\/wp-content\/uploads\/2026\/03\/don-bosco.png\",\"width\":637,\"height\":347},{\"@type\":\"BreadcrumbList\",\"@id\":\"https:\/\/redaccionjuvenil.es\/?page_id=332#breadcrumb\",\"itemListElement\":[{\"@type\":\"ListItem\",\"position\":1,\"name\":\"Portada\",\"item\":\"https:\/\/redaccionjuvenil.es\/\"},{\"@type\":\"ListItem\",\"position\":2,\"name\":\"Federaci\u00f3n de Centros Juveniles Don Bosco\"}]},{\"@type\":\"WebSite\",\"@id\":\"https:\/\/redaccionjuvenil.es\/#website\",\"url\":\"https:\/\/redaccionjuvenil.es\/\",\"name\":\"RED-ACCI\u00d3N JUVENIL\",\"description\":\"DONDE LA JUVENTUD INFORMA Y TRANSFORMA\",\"publisher\":{\"@id\":\"https:\/\/redaccionjuvenil.es\/#organization\"},\"potentialAction\":[{\"@type\":\"SearchAction\",\"target\":{\"@type\":\"EntryPoint\",\"urlTemplate\":\"https:\/\/redaccionjuvenil.es\/?s={search_term_string}\"},\"query-input\":{\"@type\":\"PropertyValueSpecification\",\"valueRequired\":true,\"valueName\":\"search_term_string\"}}],\"inLanguage\":\"es\"},{\"@type\":\"Organization\",\"@id\":\"https:\/\/redaccionjuvenil.es\/#organization\",\"name\":\"RED-ACCI\u00d3N JUVENIL\",\"url\":\"https:\/\/redaccionjuvenil.es\/\",\"logo\":{\"@type\":\"ImageObject\",\"inLanguage\":\"es\",\"@id\":\"https:\/\/redaccionjuvenil.es\/#\/schema\/logo\/image\/\",\"url\":\"https:\/\/redaccionjuvenil.es\/wp-content\/uploads\/2026\/03\/cropped-cropped-logo_redaccion_juvenil_primer_propuesta-1.png\",\"contentUrl\":\"https:\/\/redaccionjuvenil.es\/wp-content\/uploads\/2026\/03\/cropped-cropped-logo_redaccion_juvenil_primer_propuesta-1.png\",\"width\":723,\"height\":723,\"caption\":\"RED-ACCI\u00d3N JUVENIL\"},\"image\":{\"@id\":\"https:\/\/redaccionjuvenil.es\/#\/schema\/logo\/image\/\"}}]}<\/script>\n<!-- \/ Yoast SEO plugin. -->","yoast_head_json":{"title":"Federaci\u00f3n de Centros Juveniles Don Bosco - RED-ACCI\u00d3N JUVENIL","robots":{"index":"index","follow":"follow","max-snippet":"max-snippet:-1","max-image-preview":"max-image-preview:large","max-video-preview":"max-video-preview:-1"},"canonical":"https:\/\/redaccionjuvenil.es\/?page_id=332","og_locale":"es_ES","og_type":"article","og_title":"Federaci\u00f3n de Centros Juveniles Don Bosco - RED-ACCI\u00d3N JUVENIL","og_description":"La Federaci\u00f3n de Centros Juveniles Don Bosco de Castilla y Le\u00f3n trabaja en la prevenci\u00f3n,&nbsp;educaci\u00f3n en el tiempo libre, animaci\u00f3n juvenil y desarrollo&nbsp;sociocultural.&nbsp;Trabajan&nbsp;por la defensa y promoci\u00f3n de la infancia...","og_url":"https:\/\/redaccionjuvenil.es\/?page_id=332","og_site_name":"RED-ACCI\u00d3N JUVENIL","article_modified_time":"2026-04-27T08:02:27+00:00","og_image":[{"width":637,"height":347,"url":"https:\/\/redaccionjuvenil.es\/wp-content\/uploads\/2026\/03\/don-bosco.png","type":"image\/png"}],"twitter_card":"summary_large_image","twitter_misc":{"Tiempo de lectura":"1 minuto"},"schema":{"@context":"https:\/\/schema.org","@graph":[{"@type":"WebPage","@id":"https:\/\/redaccionjuvenil.es\/?page_id=332","url":"https:\/\/redaccionjuvenil.es\/?page_id=332","name":"Federaci\u00f3n de Centros Juveniles Don Bosco - RED-ACCI\u00d3N JUVENIL","isPartOf":{"@id":"https:\/\/redaccionjuvenil.es\/#website"},"primaryImageOfPage":{"@id":"https:\/\/redaccionjuvenil.es\/?page_id=332#primaryimage"},"image":{"@id":"https:\/\/redaccionjuvenil.es\/?page_id=332#primaryimage"},"thumbnailUrl":"https:\/\/redaccionjuvenil.es\/wp-content\/uploads\/2026\/03\/don-bosco.png","datePublished":"2026-03-04T09:32:31+00:00","dateModified":"2026-04-27T08:02:27+00:00","breadcrumb":{"@id":"https:\/\/redaccionjuvenil.es\/?page_id=332#breadcrumb"},"inLanguage":"es","potentialAction":[{"@type":"ReadAction","target":["https:\/\/redaccionjuvenil.es\/?page_id=332"]}]},{"@type":"ImageObject","inLanguage":"es","@id":"https:\/\/redaccionjuvenil.es\/?page_id=332#primaryimage","url":"https:\/\/redaccionjuvenil.es\/wp-content\/uploads\/2026\/03\/don-bosco.png","contentUrl":"https:\/\/redaccionjuvenil.es\/wp-content\/uploads\/2026\/03\/don-bosco.png","width":637,"height":347},{"@type":"BreadcrumbList","@id":"https:\/\/redaccionjuvenil.es\/?page_id=332#breadcrumb","itemListElement":[{"@type":"ListItem","position":1,"name":"Portada","item":"https:\/\/redaccionjuvenil.es\/"},{"@type":"ListItem","position":2,"name":"Federaci\u00f3n de Centros Juveniles Don Bosco"}]},{"@type":"WebSite","@id":"https:\/\/redaccionjuvenil.es\/#website","url":"https:\/\/redaccionjuvenil.es\/","name":"RED-ACCI\u00d3N JUVENIL","description":"DONDE LA JUVENTUD INFORMA Y TRANSFORMA","publisher":{"@id":"https:\/\/redaccionjuvenil.es\/#organization"},"potentialAction":[{"@type":"SearchAction","target":{"@type":"EntryPoint","urlTemplate":"https:\/\/redaccionjuvenil.es\/?s={search_term_string}"},"query-input":{"@type":"PropertyValueSpecification","valueRequired":true,"valueName":"search_term_string"}}],"inLanguage":"es"},{"@type":"Organization","@id":"https:\/\/redaccionjuvenil.es\/#organization","name":"RED-ACCI\u00d3N JUVENIL","url":"https:\/\/redaccionjuvenil.es\/","logo":{"@type":"ImageObject","inLanguage":"es","@id":"https:\/\/redaccionjuvenil.es\/#\/schema\/logo\/image\/","url":"https:\/\/redaccionjuvenil.es\/wp-content\/uploads\/2026\/03\/cropped-cropped-logo_redaccion_juvenil_primer_propuesta-1.png","contentUrl":"https:\/\/redaccionjuvenil.es\/wp-content\/uploads\/2026\/03\/cropped-cropped-logo_redaccion_juvenil_primer_propuesta-1.png","width":723,"height":723,"caption":"RED-ACCI\u00d3N JUVENIL"},"image":{"@id":"https:\/\/redaccionjuvenil.es\/#\/schema\/logo\/image\/"}}]}},"_links":{"self":[{"href":"https:\/\/redaccionjuvenil.es\/index.php?rest_route=\/wp\/v2\/pages\/332","targetHints":{"allow":["GET"]}}],"collection":[{"href":"https:\/\/redaccionjuvenil.es\/index.php?rest_route=\/wp\/v2\/pages"}],"about":[{"href":"https:\/\/redaccionjuvenil.es\/index.php?rest_route=\/wp\/v2\/types\/page"}],"author":[{"embeddable":true,"href":"https:\/\/redaccionjuvenil.es\/index.php?rest_route=\/wp\/v2\/users\/1"}],"replies":[{"embeddable":true,"href":"https:\/\/redaccionjuvenil.es\/index.php?rest_route=%2Fwp%2Fv2%2Fcomments&post=332"}],"version-history":[{"count":5,"href":"https:\/\/redaccionjuvenil.es\/index.php?rest_route=\/wp\/v2\/pages\/332\/revisions"}],"predecessor-version":[{"id":937,"href":"https:\/\/redaccionjuvenil.es\/index.php?rest_route=\/wp\/v2\/pages\/332\/revisions\/937"}],"wp:attachment":[{"href":"https:\/\/redaccionjuvenil.es\/index.php?rest_route=%2Fwp%2Fv2%2Fmedia&parent=332"}],"curies":[{"name":"wp","href":"https:\/\/api.w.org\/{rel}","templated":true}]}}