{"id":334,"date":"2026-03-04T09:33:00","date_gmt":"2026-03-04T09:33:00","guid":{"rendered":"https:\/\/redaccionjuvenil.es\/?page_id=334"},"modified":"2026-03-05T11:08:09","modified_gmt":"2026-03-05T11:08:09","slug":"pausa-y-reconecta","status":"publish","type":"page","link":"https:\/\/redaccionjuvenil.es\/?page_id=334","title":{"rendered":"Pausa y Reconecta"},"content":{"rendered":"<div class=\"wp-block-image\">\n<figure class=\"aligncenter size-full\"><img loading=\"lazy\" decoding=\"async\" width=\"603\" height=\"398\" src=\"https:\/\/redaccionjuvenil.es\/wp-content\/uploads\/2026\/03\/pausa-y-reconecta.png\" alt=\"\" class=\"wp-image-454\" srcset=\"https:\/\/redaccionjuvenil.es\/wp-content\/uploads\/2026\/03\/pausa-y-reconecta.png 603w, https:\/\/redaccionjuvenil.es\/wp-content\/uploads\/2026\/03\/pausa-y-reconecta-300x198.png 300w\" sizes=\"auto, (max-width: 603px) 100vw, 603px\" \/><\/figure>\n<\/div>\n\n\n<p>\u00bfQu\u00e9 es\u00a0Programa Pausa y\u00a0Reconecta?\u00a0Es un programa\u00a0asociado al Consejo de Juventud de Castilla y Le\u00f3n. Este programa cuenta\u00a0con diferentes\u00a0<em>influencers\u00a0<\/em>de la regi\u00f3n\u00a0(Yolanda Rufino,\u00a0V\u00edctor P\u00e9rez&#8230;)\u00a0con el objetivo de promover h\u00e1bitos saludables\u00a0y prevenir adicciones en los j\u00f3venes de Castilla y Le\u00f3n.\u00a0Este proyecto apuesta por un compromiso individual, el trabajo en equipo y el apoyo de las autoridades\u00a0pertinentes.\u00a0El\u00a0lema\u00a0en el que basan sus actividades es\u00a0\u2018Pausa y reconecta\u2019, que\u00a0recuerda la importancia de parar un momento y conectar\u00a0con uno mismo.\u00a0<\/p>\n\n\n\n<p>Las adicciones que se trabajan en este programa son la\u00a0dependencia\u00a0a las\u00a0pantallas,\u00a0el\u00a0alcoholismo, el tabaquismo,\u00a0ludopat\u00eda,\u00a0el h\u00e1bito\u00a0al cannabis y a otras drogas.\u00a0A parte de los\u00a0<em>inluencers<\/em>, hay asociaciones que ya est\u00e1n metidas en el proyecto para ayudar a los j\u00f3venes a\u00a0superar\u00a0estos problemas\u00a0(ASDE Exploradores, distintos clubs de f\u00fatbol base, asociaciones de deporte federado).\u00a0<\/p>\n\n\n\n<p><a href=\"https:\/\/pausayreconecta.es\/\">P\u00e1gina web<\/a><\/p>\n\n\n\n<h2 class=\"wp-block-heading\">\u00daltimas noticias:<\/h2>\n\n\n<ul class=\"wp-block-latest-posts__list is-grid columns-3 has-link-color wp-elements-32dc9da0fa34b918b4aae978865bf0fd wp-block-latest-posts has-text-color has-black-color has-background has-white-background-color\"><li><div class=\"wp-block-latest-posts__featured-image aligncenter\"><img loading=\"lazy\" decoding=\"async\" width=\"300\" height=\"168\" src=\"https:\/\/redaccionjuvenil.es\/wp-content\/uploads\/2026\/03\/descarga.jpg\" class=\"attachment-large size-large wp-post-image\" alt=\"\" style=\"\" \/><\/div><a class=\"wp-block-latest-posts__post-title\" href=\"https:\/\/redaccionjuvenil.es\/?p=722\">Valladolid refleja la tendencia nacional: m\u00e1s casas de apuestas en zonas desfavorecidas\u00a0<\/a><div class=\"wp-block-latest-posts__post-excerpt\">La presencia de casas de apuestas en Espa\u00f1a ha experimentado un crecimiento sostenido en la \u00faltima d\u00e9cada, una tendencia que&#8230;<\/div><\/li>\n<li><div class=\"wp-block-latest-posts__featured-image aligncenter\"><img loading=\"lazy\" decoding=\"async\" width=\"640\" height=\"427\" src=\"https:\/\/redaccionjuvenil.es\/wp-content\/uploads\/2026\/03\/jorono-stop-3541821-1024x683.jpg\" class=\"attachment-large size-large wp-post-image\" alt=\"\" style=\"\" srcset=\"https:\/\/redaccionjuvenil.es\/wp-content\/uploads\/2026\/03\/jorono-stop-3541821-1024x683.jpg 1024w, https:\/\/redaccionjuvenil.es\/wp-content\/uploads\/2026\/03\/jorono-stop-3541821-300x200.jpg 300w, https:\/\/redaccionjuvenil.es\/wp-content\/uploads\/2026\/03\/jorono-stop-3541821-768x512.jpg 768w, https:\/\/redaccionjuvenil.es\/wp-content\/uploads\/2026\/03\/jorono-stop-3541821-1536x1024.jpg 1536w, https:\/\/redaccionjuvenil.es\/wp-content\/uploads\/2026\/03\/jorono-stop-3541821-2048x1365.jpg 2048w, https:\/\/redaccionjuvenil.es\/wp-content\/uploads\/2026\/03\/jorono-stop-3541821-600x400.jpg 600w\" sizes=\"auto, (max-width: 640px) 100vw, 640px\" \/><\/div><a class=\"wp-block-latest-posts__post-title\" href=\"https:\/\/redaccionjuvenil.es\/?p=613\">La droga en la juventud: una amenaza silenciosa\u00a0<\/a><div class=\"wp-block-latest-posts__post-excerpt\">En los \u00faltimos a\u00f1os, el consumo de drogas entre los j\u00f3venes se ha convertido en una de las principales preocupaciones&#8230;<\/div><\/li>\n<li><div class=\"wp-block-latest-posts__featured-image aligncenter\"><img loading=\"lazy\" decoding=\"async\" width=\"640\" height=\"640\" src=\"https:\/\/redaccionjuvenil.es\/wp-content\/uploads\/2026\/03\/10354161_4438936-1024x1024.jpg\" class=\"attachment-large size-large wp-post-image\" alt=\"Vector de una mujer diciendo: &quot;\u00a1Parar de fumar!\" style=\"\" srcset=\"https:\/\/redaccionjuvenil.es\/wp-content\/uploads\/2026\/03\/10354161_4438936-1024x1024.jpg 1024w, https:\/\/redaccionjuvenil.es\/wp-content\/uploads\/2026\/03\/10354161_4438936-300x300.jpg 300w, https:\/\/redaccionjuvenil.es\/wp-content\/uploads\/2026\/03\/10354161_4438936-150x150.jpg 150w, https:\/\/redaccionjuvenil.es\/wp-content\/uploads\/2026\/03\/10354161_4438936-768x768.jpg 768w, https:\/\/redaccionjuvenil.es\/wp-content\/uploads\/2026\/03\/10354161_4438936-1536x1536.jpg 1536w, https:\/\/redaccionjuvenil.es\/wp-content\/uploads\/2026\/03\/10354161_4438936.jpg 2000w\" sizes=\"auto, (max-width: 640px) 100vw, 640px\" \/><\/div><a class=\"wp-block-latest-posts__post-title\" href=\"https:\/\/redaccionjuvenil.es\/?p=519\">Los j\u00f3venes normalizan m\u00e1s el uso de vapeadores\u00a0<\/a><div class=\"wp-block-latest-posts__post-excerpt\">El porcentaje de j\u00f3venes de 14 a 24 a\u00f1os que fuman a diario ha aumentado un 10%, seg\u00fan&nbsp;estimaciones del&nbsp;Observatorio&nbsp;del C\u00e1ncer&#8230;<\/div><\/li>\n<\/ul>","protected":false},"excerpt":{"rendered":"<p>\u00bfQu\u00e9 es\u00a0Programa Pausa y\u00a0Reconecta?\u00a0Es un programa\u00a0asociado al Consejo de Juventud de Castilla y Le\u00f3n. Este programa cuenta\u00a0con diferentes\u00a0influencers\u00a0de la regi\u00f3n\u00a0(Yolanda Rufino,\u00a0V\u00edctor P\u00e9rez&#8230;)\u00a0con el objetivo de promover h\u00e1bitos saludables\u00a0y prevenir adicciones&#8230;<\/p>\n","protected":false},"author":1,"featured_media":0,"parent":0,"menu_order":0,"comment_status":"closed","ping_status":"closed","template":"","meta":{"_kadence_starter_templates_imported_post":false,"footnotes":""},"class_list":["post-334","page","type-page","status-publish","hentry"],"yoast_head":"<!-- This site is optimized with the Yoast SEO plugin v27.1.1 - https:\/\/yoast.com\/product\/yoast-seo-wordpress\/ -->\n<title>Pausa y Reconecta - RED-ACCI\u00d3N JUVENIL<\/title>\n<meta name=\"robots\" content=\"index, follow, max-snippet:-1, max-image-preview:large, max-video-preview:-1\" \/>\n<link rel=\"canonical\" href=\"https:\/\/redaccionjuvenil.es\/?page_id=334\" \/>\n<meta property=\"og:locale\" content=\"es_ES\" \/>\n<meta property=\"og:type\" content=\"article\" \/>\n<meta property=\"og:title\" content=\"Pausa y Reconecta - RED-ACCI\u00d3N JUVENIL\" \/>\n<meta property=\"og:description\" content=\"\u00bfQu\u00e9 es\u00a0Programa Pausa y\u00a0Reconecta?\u00a0Es un programa\u00a0asociado al Consejo de Juventud de Castilla y Le\u00f3n. Este programa cuenta\u00a0con diferentes\u00a0influencers\u00a0de la regi\u00f3n\u00a0(Yolanda Rufino,\u00a0V\u00edctor P\u00e9rez&#8230;)\u00a0con el objetivo de promover h\u00e1bitos saludables\u00a0y prevenir adicciones...\" \/>\n<meta property=\"og:url\" content=\"https:\/\/redaccionjuvenil.es\/?page_id=334\" \/>\n<meta property=\"og:site_name\" content=\"RED-ACCI\u00d3N JUVENIL\" \/>\n<meta property=\"article:modified_time\" content=\"2026-03-05T11:08:09+00:00\" \/>\n<meta property=\"og:image\" content=\"https:\/\/redaccionjuvenil.es\/wp-content\/uploads\/2026\/03\/pausa-y-reconecta.png\" \/>\n\t<meta property=\"og:image:width\" content=\"603\" \/>\n\t<meta property=\"og:image:height\" content=\"398\" \/>\n\t<meta property=\"og:image:type\" content=\"image\/png\" \/>\n<meta name=\"twitter:card\" content=\"summary_large_image\" \/>\n<meta name=\"twitter:label1\" content=\"Tiempo de lectura\" \/>\n\t<meta name=\"twitter:data1\" content=\"1 minuto\" \/>\n<script type=\"application\/ld+json\" class=\"yoast-schema-graph\">{\"@context\":\"https:\/\/schema.org\",\"@graph\":[{\"@type\":\"WebPage\",\"@id\":\"https:\/\/redaccionjuvenil.es\/?page_id=334\",\"url\":\"https:\/\/redaccionjuvenil.es\/?page_id=334\",\"name\":\"Pausa y Reconecta - RED-ACCI\u00d3N JUVENIL\",\"isPartOf\":{\"@id\":\"https:\/\/redaccionjuvenil.es\/#website\"},\"primaryImageOfPage\":{\"@id\":\"https:\/\/redaccionjuvenil.es\/?page_id=334#primaryimage\"},\"image\":{\"@id\":\"https:\/\/redaccionjuvenil.es\/?page_id=334#primaryimage\"},\"thumbnailUrl\":\"https:\/\/redaccionjuvenil.es\/wp-content\/uploads\/2026\/03\/pausa-y-reconecta.png\",\"datePublished\":\"2026-03-04T09:33:00+00:00\",\"dateModified\":\"2026-03-05T11:08:09+00:00\",\"breadcrumb\":{\"@id\":\"https:\/\/redaccionjuvenil.es\/?page_id=334#breadcrumb\"},\"inLanguage\":\"es\",\"potentialAction\":[{\"@type\":\"ReadAction\",\"target\":[\"https:\/\/redaccionjuvenil.es\/?page_id=334\"]}]},{\"@type\":\"ImageObject\",\"inLanguage\":\"es\",\"@id\":\"https:\/\/redaccionjuvenil.es\/?page_id=334#primaryimage\",\"url\":\"https:\/\/redaccionjuvenil.es\/wp-content\/uploads\/2026\/03\/pausa-y-reconecta.png\",\"contentUrl\":\"https:\/\/redaccionjuvenil.es\/wp-content\/uploads\/2026\/03\/pausa-y-reconecta.png\",\"width\":603,\"height\":398},{\"@type\":\"BreadcrumbList\",\"@id\":\"https:\/\/redaccionjuvenil.es\/?page_id=334#breadcrumb\",\"itemListElement\":[{\"@type\":\"ListItem\",\"position\":1,\"name\":\"Portada\",\"item\":\"https:\/\/redaccionjuvenil.es\/\"},{\"@type\":\"ListItem\",\"position\":2,\"name\":\"Pausa y Reconecta\"}]},{\"@type\":\"WebSite\",\"@id\":\"https:\/\/redaccionjuvenil.es\/#website\",\"url\":\"https:\/\/redaccionjuvenil.es\/\",\"name\":\"RED-ACCI\u00d3N JUVENIL\",\"description\":\"DONDE LA JUVENTUD INFORMA Y TRANSFORMA\",\"publisher\":{\"@id\":\"https:\/\/redaccionjuvenil.es\/#organization\"},\"potentialAction\":[{\"@type\":\"SearchAction\",\"target\":{\"@type\":\"EntryPoint\",\"urlTemplate\":\"https:\/\/redaccionjuvenil.es\/?s={search_term_string}\"},\"query-input\":{\"@type\":\"PropertyValueSpecification\",\"valueRequired\":true,\"valueName\":\"search_term_string\"}}],\"inLanguage\":\"es\"},{\"@type\":\"Organization\",\"@id\":\"https:\/\/redaccionjuvenil.es\/#organization\",\"name\":\"RED-ACCI\u00d3N JUVENIL\",\"url\":\"https:\/\/redaccionjuvenil.es\/\",\"logo\":{\"@type\":\"ImageObject\",\"inLanguage\":\"es\",\"@id\":\"https:\/\/redaccionjuvenil.es\/#\/schema\/logo\/image\/\",\"url\":\"https:\/\/redaccionjuvenil.es\/wp-content\/uploads\/2026\/03\/cropped-cropped-logo_redaccion_juvenil_primer_propuesta-1.png\",\"contentUrl\":\"https:\/\/redaccionjuvenil.es\/wp-content\/uploads\/2026\/03\/cropped-cropped-logo_redaccion_juvenil_primer_propuesta-1.png\",\"width\":723,\"height\":723,\"caption\":\"RED-ACCI\u00d3N JUVENIL\"},\"image\":{\"@id\":\"https:\/\/redaccionjuvenil.es\/#\/schema\/logo\/image\/\"}}]}<\/script>\n<!-- \/ Yoast SEO plugin. -->","yoast_head_json":{"title":"Pausa y Reconecta - RED-ACCI\u00d3N JUVENIL","robots":{"index":"index","follow":"follow","max-snippet":"max-snippet:-1","max-image-preview":"max-image-preview:large","max-video-preview":"max-video-preview:-1"},"canonical":"https:\/\/redaccionjuvenil.es\/?page_id=334","og_locale":"es_ES","og_type":"article","og_title":"Pausa y Reconecta - RED-ACCI\u00d3N JUVENIL","og_description":"\u00bfQu\u00e9 es\u00a0Programa Pausa y\u00a0Reconecta?\u00a0Es un programa\u00a0asociado al Consejo de Juventud de Castilla y Le\u00f3n. Este programa cuenta\u00a0con diferentes\u00a0influencers\u00a0de la regi\u00f3n\u00a0(Yolanda Rufino,\u00a0V\u00edctor P\u00e9rez&#8230;)\u00a0con el objetivo de promover h\u00e1bitos saludables\u00a0y prevenir adicciones...","og_url":"https:\/\/redaccionjuvenil.es\/?page_id=334","og_site_name":"RED-ACCI\u00d3N JUVENIL","article_modified_time":"2026-03-05T11:08:09+00:00","og_image":[{"width":603,"height":398,"url":"https:\/\/redaccionjuvenil.es\/wp-content\/uploads\/2026\/03\/pausa-y-reconecta.png","type":"image\/png"}],"twitter_card":"summary_large_image","twitter_misc":{"Tiempo de lectura":"1 minuto"},"schema":{"@context":"https:\/\/schema.org","@graph":[{"@type":"WebPage","@id":"https:\/\/redaccionjuvenil.es\/?page_id=334","url":"https:\/\/redaccionjuvenil.es\/?page_id=334","name":"Pausa y Reconecta - RED-ACCI\u00d3N JUVENIL","isPartOf":{"@id":"https:\/\/redaccionjuvenil.es\/#website"},"primaryImageOfPage":{"@id":"https:\/\/redaccionjuvenil.es\/?page_id=334#primaryimage"},"image":{"@id":"https:\/\/redaccionjuvenil.es\/?page_id=334#primaryimage"},"thumbnailUrl":"https:\/\/redaccionjuvenil.es\/wp-content\/uploads\/2026\/03\/pausa-y-reconecta.png","datePublished":"2026-03-04T09:33:00+00:00","dateModified":"2026-03-05T11:08:09+00:00","breadcrumb":{"@id":"https:\/\/redaccionjuvenil.es\/?page_id=334#breadcrumb"},"inLanguage":"es","potentialAction":[{"@type":"ReadAction","target":["https:\/\/redaccionjuvenil.es\/?page_id=334"]}]},{"@type":"ImageObject","inLanguage":"es","@id":"https:\/\/redaccionjuvenil.es\/?page_id=334#primaryimage","url":"https:\/\/redaccionjuvenil.es\/wp-content\/uploads\/2026\/03\/pausa-y-reconecta.png","contentUrl":"https:\/\/redaccionjuvenil.es\/wp-content\/uploads\/2026\/03\/pausa-y-reconecta.png","width":603,"height":398},{"@type":"BreadcrumbList","@id":"https:\/\/redaccionjuvenil.es\/?page_id=334#breadcrumb","itemListElement":[{"@type":"ListItem","position":1,"name":"Portada","item":"https:\/\/redaccionjuvenil.es\/"},{"@type":"ListItem","position":2,"name":"Pausa y Reconecta"}]},{"@type":"WebSite","@id":"https:\/\/redaccionjuvenil.es\/#website","url":"https:\/\/redaccionjuvenil.es\/","name":"RED-ACCI\u00d3N JUVENIL","description":"DONDE LA JUVENTUD INFORMA Y TRANSFORMA","publisher":{"@id":"https:\/\/redaccionjuvenil.es\/#organization"},"potentialAction":[{"@type":"SearchAction","target":{"@type":"EntryPoint","urlTemplate":"https:\/\/redaccionjuvenil.es\/?s={search_term_string}"},"query-input":{"@type":"PropertyValueSpecification","valueRequired":true,"valueName":"search_term_string"}}],"inLanguage":"es"},{"@type":"Organization","@id":"https:\/\/redaccionjuvenil.es\/#organization","name":"RED-ACCI\u00d3N JUVENIL","url":"https:\/\/redaccionjuvenil.es\/","logo":{"@type":"ImageObject","inLanguage":"es","@id":"https:\/\/redaccionjuvenil.es\/#\/schema\/logo\/image\/","url":"https:\/\/redaccionjuvenil.es\/wp-content\/uploads\/2026\/03\/cropped-cropped-logo_redaccion_juvenil_primer_propuesta-1.png","contentUrl":"https:\/\/redaccionjuvenil.es\/wp-content\/uploads\/2026\/03\/cropped-cropped-logo_redaccion_juvenil_primer_propuesta-1.png","width":723,"height":723,"caption":"RED-ACCI\u00d3N JUVENIL"},"image":{"@id":"https:\/\/redaccionjuvenil.es\/#\/schema\/logo\/image\/"}}]}},"_links":{"self":[{"href":"https:\/\/redaccionjuvenil.es\/index.php?rest_route=\/wp\/v2\/pages\/334","targetHints":{"allow":["GET"]}}],"collection":[{"href":"https:\/\/redaccionjuvenil.es\/index.php?rest_route=\/wp\/v2\/pages"}],"about":[{"href":"https:\/\/redaccionjuvenil.es\/index.php?rest_route=\/wp\/v2\/types\/page"}],"author":[{"embeddable":true,"href":"https:\/\/redaccionjuvenil.es\/index.php?rest_route=\/wp\/v2\/users\/1"}],"replies":[{"embeddable":true,"href":"https:\/\/redaccionjuvenil.es\/index.php?rest_route=%2Fwp%2Fv2%2Fcomments&post=334"}],"version-history":[{"count":3,"href":"https:\/\/redaccionjuvenil.es\/index.php?rest_route=\/wp\/v2\/pages\/334\/revisions"}],"predecessor-version":[{"id":457,"href":"https:\/\/redaccionjuvenil.es\/index.php?rest_route=\/wp\/v2\/pages\/334\/revisions\/457"}],"wp:attachment":[{"href":"https:\/\/redaccionjuvenil.es\/index.php?rest_route=%2Fwp%2Fv2%2Fmedia&parent=334"}],"curies":[{"name":"wp","href":"https:\/\/api.w.org\/{rel}","templated":true}]}}