{"id":458,"date":"2026-03-05T11:05:48","date_gmt":"2026-03-05T11:05:48","guid":{"rendered":"https:\/\/redaccionjuvenil.es\/?page_id=458"},"modified":"2026-03-05T11:05:49","modified_gmt":"2026-03-05T11:05:49","slug":"voluntariado","status":"publish","type":"page","link":"https:\/\/redaccionjuvenil.es\/?page_id=458","title":{"rendered":"Voluntariado"},"content":{"rendered":"<div class=\"wp-block-image\">\n<figure class=\"aligncenter size-full\"><img loading=\"lazy\" decoding=\"async\" width=\"640\" height=\"429\" src=\"https:\/\/redaccionjuvenil.es\/wp-content\/uploads\/2026\/03\/voluntariado.png\" alt=\"\" class=\"wp-image-459\" srcset=\"https:\/\/redaccionjuvenil.es\/wp-content\/uploads\/2026\/03\/voluntariado.png 640w, https:\/\/redaccionjuvenil.es\/wp-content\/uploads\/2026\/03\/voluntariado-300x200.png 300w\" sizes=\"auto, (max-width: 640px) 100vw, 640px\" \/><\/figure>\n<\/div>\n\n\n<p>\u00bfQu\u00e9 es&nbsp;el Programa de Voluntariado?&nbsp;Es un programa del Instituto de la Junta de Castilla y Le\u00f3n, dentro del Consejo&nbsp;de Juventud&nbsp;de Castilla y Le\u00f3n. Organiza actividades&nbsp;para&nbsp;los j\u00f3venes, en este caso&nbsp;iniciativas&nbsp;solidarias&nbsp;como los&nbsp;voluntariados.&nbsp;El Programa tiene&nbsp;colaboraci\u00f3n con&nbsp;varias&nbsp;entidades&nbsp;como&nbsp;Federaci\u00f3n de Centros Juveniles Don Bosco de Castilla y Le\u00f3n,&nbsp;Scouts de Castilla y Le\u00f3n MSC,&nbsp;ASPAYM Castilla y Le\u00f3n&nbsp;o&nbsp;Cruz Roja Juventud Castilla y Le\u00f3n.&nbsp;Los&nbsp;j\u00f3venes que desean participar pueden hacerlo a trav\u00e9s de las&nbsp;diversas plazas disponibles&nbsp;en&nbsp;todas&nbsp;las&nbsp;provincias&nbsp;de&nbsp;Castilla y Le\u00f3n.&nbsp;<\/p>\n\n\n\n<p>Los requisitos m\u00e1s comunes del programa son: tener entre 18 y 30 a\u00f1os, hacer alg\u00fan curso de formaci\u00f3n y tener ganas de ser voluntario y ayudar a los dem\u00e1s. No&nbsp;se&nbsp;tiene&nbsp;que&nbsp;pagar nada, solo aportar&nbsp;tiempo personal&nbsp;e iniciativas.&nbsp;Es necesario tambi\u00e9n trabajar desinteresadamente los d\u00edas y las horas estipuladas en el proyecto, contribuir a la organizaci\u00f3n general de la actividad de voluntariado y respetar las distintas creencias ideol\u00f3gicas y diferencias personales de los participantes.&nbsp;<\/p>\n\n\n\n<p><a href=\"http:\/\/\u00bfQu\u00e9 es el Programa de Voluntariado? Es un programa del Instituto de la Junta de Castilla y Le\u00f3n, dentro del Consejo de Juventud de Castilla y Le\u00f3n. Organiza actividades para los j\u00f3venes, en este caso iniciativas solidarias como los voluntariados. El Programa tiene colaboraci\u00f3n con varias entidades como Federaci\u00f3n de Centros Juveniles Don Bosco de Castilla y Le\u00f3n, Scouts de Castilla y Le\u00f3n MSC, ASPAYM Castilla y Le\u00f3n o Cruz Roja Juventud Castilla y Le\u00f3n. Los j\u00f3venes que desean participar pueden hacerlo a trav\u00e9s de las diversas plazas disponibles en todas las provincias de Castilla y Le\u00f3n.   Los requisitos m\u00e1s comunes del programa son: tener entre 18 y 30 a\u00f1os, hacer alg\u00fan curso de formaci\u00f3n y tener ganas de ser voluntario y ayudar a los dem\u00e1s. No se tiene que pagar nada, solo aportar tiempo personal e iniciativas. Es necesario tambi\u00e9n trabajar desinteresadamente los d\u00edas y las horas estipuladas en el proyecto, contribuir a la organizaci\u00f3n general de la actividad de voluntariado y respetar las distintas creencias ideol\u00f3gicas y diferencias personales de los participantes.\">P\u00e1gina web<\/a><\/p>\n\n\n\n<h2 class=\"wp-block-heading\">\u00daltimas noticias<\/h2>\n\n\n<ul class=\"wp-block-latest-posts__list is-grid columns-3 has-link-color wp-elements-ef5188dc9b0c77f4543d246849b3bcb5 wp-block-latest-posts has-text-color has-black-color has-background has-white-background-color\"><li><div class=\"wp-block-latest-posts__featured-image aligncenter\"><img loading=\"lazy\" decoding=\"async\" width=\"640\" height=\"480\" src=\"https:\/\/redaccionjuvenil.es\/wp-content\/uploads\/2026\/04\/entrevista_alexandra_donboscoa-1024x768.jpg\" class=\"attachment-large size-large wp-post-image\" alt=\"\" style=\"\" srcset=\"https:\/\/redaccionjuvenil.es\/wp-content\/uploads\/2026\/04\/entrevista_alexandra_donboscoa-1024x768.jpg 1024w, https:\/\/redaccionjuvenil.es\/wp-content\/uploads\/2026\/04\/entrevista_alexandra_donboscoa-300x225.jpg 300w, https:\/\/redaccionjuvenil.es\/wp-content\/uploads\/2026\/04\/entrevista_alexandra_donboscoa-768x576.jpg 768w, https:\/\/redaccionjuvenil.es\/wp-content\/uploads\/2026\/04\/entrevista_alexandra_donboscoa-1536x1152.jpg 1536w, https:\/\/redaccionjuvenil.es\/wp-content\/uploads\/2026\/04\/entrevista_alexandra_donboscoa-2048x1536.jpg 2048w\" sizes=\"auto, (max-width: 640px) 100vw, 640px\" \/><\/div><a class=\"wp-block-latest-posts__post-title\" href=\"https:\/\/redaccionjuvenil.es\/?p=898\">Alexandra, Federaci\u00f3n de CJ Don Bosco: \u00abUno de los retos que tenemos es que los j\u00f3venes vengan como voluntarios\u00bb<\/a><div class=\"wp-block-latest-posts__post-excerpt\">Alexandra pertenece a la Federaci\u00f3n de Centros Juveniles Don Bosco desde ni\u00f1a, desde entonces nunca ha abandonado el entorno por&#8230;<\/div><\/li>\n<li><div class=\"wp-block-latest-posts__featured-image aligncenter\"><img loading=\"lazy\" decoding=\"async\" width=\"601\" height=\"395\" src=\"https:\/\/redaccionjuvenil.es\/wp-content\/uploads\/2026\/04\/Vountariado-Scout-programa-voluntariado.webp\" class=\"attachment-large size-large wp-post-image\" alt=\"\" style=\"\" srcset=\"https:\/\/redaccionjuvenil.es\/wp-content\/uploads\/2026\/04\/Vountariado-Scout-programa-voluntariado.webp 601w, https:\/\/redaccionjuvenil.es\/wp-content\/uploads\/2026\/04\/Vountariado-Scout-programa-voluntariado-300x197.webp 300w\" sizes=\"auto, (max-width: 601px) 100vw, 601px\" \/><\/div><a class=\"wp-block-latest-posts__post-title\" href=\"https:\/\/redaccionjuvenil.es\/?p=863\">El \u00e9xito del voluntariado juvenil en Castilla y Le\u00f3n<\/a><div class=\"wp-block-latest-posts__post-excerpt\">El Programa Oficial El programa de Voluntariado Joven de CyL es un proyecto de la Junta de CyL y est\u00e1&#8230;<\/div><\/li>\n<li><div class=\"wp-block-latest-posts__featured-image aligncenter\"><img loading=\"lazy\" decoding=\"async\" width=\"640\" height=\"853\" src=\"https:\/\/redaccionjuvenil.es\/wp-content\/uploads\/2026\/04\/Rios-de-Luz-2-768x1024.jpeg\" class=\"attachment-large size-large wp-post-image\" alt=\"\" style=\"\" srcset=\"https:\/\/redaccionjuvenil.es\/wp-content\/uploads\/2026\/04\/Rios-de-Luz-2-768x1024.jpeg 768w, https:\/\/redaccionjuvenil.es\/wp-content\/uploads\/2026\/04\/Rios-de-Luz-2-225x300.jpeg 225w, https:\/\/redaccionjuvenil.es\/wp-content\/uploads\/2026\/04\/Rios-de-Luz-2-1152x1536.jpeg 1152w, https:\/\/redaccionjuvenil.es\/wp-content\/uploads\/2026\/04\/Rios-de-Luz-2.jpeg 1200w\" sizes=\"auto, (max-width: 640px) 100vw, 640px\" \/><\/div><a class=\"wp-block-latest-posts__post-title\" href=\"https:\/\/redaccionjuvenil.es\/?p=813\">\u00abR\u00edos de Luz\u00bb ilumina las calles de Valladolid<\/a><div class=\"wp-block-latest-posts__post-excerpt\">Alrededor de 3700 participantes se vistieron de corredores para citarse en la C\u00fapula del Milenio otro a\u00f1o m\u00e1s. Gracias a&#8230;<\/div><\/li>\n<li><div class=\"wp-block-latest-posts__featured-image aligncenter\"><img loading=\"lazy\" decoding=\"async\" width=\"640\" height=\"461\" src=\"https:\/\/redaccionjuvenil.es\/wp-content\/uploads\/2026\/03\/SCOUTS-2026-foto-2-1024x737-1.jpeg\" class=\"attachment-large size-large wp-post-image\" alt=\"\" style=\"\" srcset=\"https:\/\/redaccionjuvenil.es\/wp-content\/uploads\/2026\/03\/SCOUTS-2026-foto-2-1024x737-1.jpeg 1024w, https:\/\/redaccionjuvenil.es\/wp-content\/uploads\/2026\/03\/SCOUTS-2026-foto-2-1024x737-1-300x216.jpeg 300w, https:\/\/redaccionjuvenil.es\/wp-content\/uploads\/2026\/03\/SCOUTS-2026-foto-2-1024x737-1-768x553.jpeg 768w\" sizes=\"auto, (max-width: 640px) 100vw, 640px\" \/><\/div><a class=\"wp-block-latest-posts__post-title\" href=\"https:\/\/redaccionjuvenil.es\/?p=623\">SEGOVIA ACOGE LA 37\u00ba ASAMBLEA GENENRAL DE SCOUTS MSC\u00a0<\/a><div class=\"wp-block-latest-posts__post-excerpt\">Diferentes monitores y miembros de Scouts MSC Castilla y Le\u00f3n se reunieron en Segovia para la celebraci\u00f3n de la Asamblea&#8230;<\/div><\/li>\n<li><div class=\"wp-block-latest-posts__featured-image aligncenter\"><img loading=\"lazy\" decoding=\"async\" width=\"601\" height=\"395\" src=\"https:\/\/redaccionjuvenil.es\/wp-content\/uploads\/2026\/03\/scouts-cyl-escuela-de-animacion-juvenil-1-1.webp\" class=\"attachment-large size-large wp-post-image\" alt=\"\" style=\"\" srcset=\"https:\/\/redaccionjuvenil.es\/wp-content\/uploads\/2026\/03\/scouts-cyl-escuela-de-animacion-juvenil-1-1.webp 601w, https:\/\/redaccionjuvenil.es\/wp-content\/uploads\/2026\/03\/scouts-cyl-escuela-de-animacion-juvenil-1-1-300x197.webp 300w\" sizes=\"auto, (max-width: 601px) 100vw, 601px\" \/><\/div><a class=\"wp-block-latest-posts__post-title\" href=\"https:\/\/redaccionjuvenil.es\/?p=599\">Ni comunicadores ni influencers: los perfiles juveniles que la tecnolog\u00eda no est\u00e1 transformando<\/a><div class=\"wp-block-latest-posts__post-excerpt\">Con la llegada de las nuevas tecnolog\u00edas y el desarrollo tan avanzado de las redes sociales, no sorprende el decir&#8230;<\/div><\/li>\n<\/ul>","protected":false},"excerpt":{"rendered":"<p>\u00bfQu\u00e9 es&nbsp;el Programa de Voluntariado?&nbsp;Es un programa del Instituto de la Junta de Castilla y Le\u00f3n, dentro del Consejo&nbsp;de Juventud&nbsp;de Castilla y Le\u00f3n. Organiza actividades&nbsp;para&nbsp;los j\u00f3venes, en este caso&nbsp;iniciativas&nbsp;solidarias&nbsp;como los&nbsp;voluntariados.&nbsp;El&#8230;<\/p>\n","protected":false},"author":1,"featured_media":0,"parent":0,"menu_order":0,"comment_status":"closed","ping_status":"closed","template":"","meta":{"_kadence_starter_templates_imported_post":false,"footnotes":""},"class_list":["post-458","page","type-page","status-publish","hentry"],"yoast_head":"<!-- This site is optimized with the Yoast SEO plugin v27.1.1 - https:\/\/yoast.com\/product\/yoast-seo-wordpress\/ -->\n<title>Voluntariado - RED-ACCI\u00d3N JUVENIL<\/title>\n<meta name=\"robots\" content=\"index, follow, max-snippet:-1, max-image-preview:large, max-video-preview:-1\" \/>\n<link rel=\"canonical\" href=\"https:\/\/redaccionjuvenil.es\/?page_id=458\" \/>\n<meta property=\"og:locale\" content=\"es_ES\" \/>\n<meta property=\"og:type\" content=\"article\" \/>\n<meta property=\"og:title\" content=\"Voluntariado - RED-ACCI\u00d3N JUVENIL\" \/>\n<meta property=\"og:description\" content=\"\u00bfQu\u00e9 es&nbsp;el Programa de Voluntariado?&nbsp;Es un programa del Instituto de la Junta de Castilla y Le\u00f3n, dentro del Consejo&nbsp;de Juventud&nbsp;de Castilla y Le\u00f3n. Organiza actividades&nbsp;para&nbsp;los j\u00f3venes, en este caso&nbsp;iniciativas&nbsp;solidarias&nbsp;como los&nbsp;voluntariados.&nbsp;El...\" \/>\n<meta property=\"og:url\" content=\"https:\/\/redaccionjuvenil.es\/?page_id=458\" \/>\n<meta property=\"og:site_name\" content=\"RED-ACCI\u00d3N JUVENIL\" \/>\n<meta property=\"article:modified_time\" content=\"2026-03-05T11:05:49+00:00\" \/>\n<meta property=\"og:image\" content=\"https:\/\/redaccionjuvenil.es\/wp-content\/uploads\/2026\/03\/voluntariado.png\" \/>\n\t<meta property=\"og:image:width\" content=\"640\" \/>\n\t<meta property=\"og:image:height\" content=\"429\" \/>\n\t<meta property=\"og:image:type\" content=\"image\/png\" \/>\n<meta name=\"twitter:card\" content=\"summary_large_image\" \/>\n<meta name=\"twitter:label1\" content=\"Tiempo de lectura\" \/>\n\t<meta name=\"twitter:data1\" content=\"1 minuto\" \/>\n<script type=\"application\/ld+json\" class=\"yoast-schema-graph\">{\"@context\":\"https:\/\/schema.org\",\"@graph\":[{\"@type\":\"WebPage\",\"@id\":\"https:\/\/redaccionjuvenil.es\/?page_id=458\",\"url\":\"https:\/\/redaccionjuvenil.es\/?page_id=458\",\"name\":\"Voluntariado - RED-ACCI\u00d3N JUVENIL\",\"isPartOf\":{\"@id\":\"https:\/\/redaccionjuvenil.es\/#website\"},\"primaryImageOfPage\":{\"@id\":\"https:\/\/redaccionjuvenil.es\/?page_id=458#primaryimage\"},\"image\":{\"@id\":\"https:\/\/redaccionjuvenil.es\/?page_id=458#primaryimage\"},\"thumbnailUrl\":\"https:\/\/redaccionjuvenil.es\/wp-content\/uploads\/2026\/03\/voluntariado.png\",\"datePublished\":\"2026-03-05T11:05:48+00:00\",\"dateModified\":\"2026-03-05T11:05:49+00:00\",\"breadcrumb\":{\"@id\":\"https:\/\/redaccionjuvenil.es\/?page_id=458#breadcrumb\"},\"inLanguage\":\"es\",\"potentialAction\":[{\"@type\":\"ReadAction\",\"target\":[\"https:\/\/redaccionjuvenil.es\/?page_id=458\"]}]},{\"@type\":\"ImageObject\",\"inLanguage\":\"es\",\"@id\":\"https:\/\/redaccionjuvenil.es\/?page_id=458#primaryimage\",\"url\":\"https:\/\/redaccionjuvenil.es\/wp-content\/uploads\/2026\/03\/voluntariado.png\",\"contentUrl\":\"https:\/\/redaccionjuvenil.es\/wp-content\/uploads\/2026\/03\/voluntariado.png\",\"width\":640,\"height\":429},{\"@type\":\"BreadcrumbList\",\"@id\":\"https:\/\/redaccionjuvenil.es\/?page_id=458#breadcrumb\",\"itemListElement\":[{\"@type\":\"ListItem\",\"position\":1,\"name\":\"Portada\",\"item\":\"https:\/\/redaccionjuvenil.es\/\"},{\"@type\":\"ListItem\",\"position\":2,\"name\":\"Voluntariado\"}]},{\"@type\":\"WebSite\",\"@id\":\"https:\/\/redaccionjuvenil.es\/#website\",\"url\":\"https:\/\/redaccionjuvenil.es\/\",\"name\":\"RED-ACCI\u00d3N JUVENIL\",\"description\":\"DONDE LA JUVENTUD INFORMA Y TRANSFORMA\",\"publisher\":{\"@id\":\"https:\/\/redaccionjuvenil.es\/#organization\"},\"potentialAction\":[{\"@type\":\"SearchAction\",\"target\":{\"@type\":\"EntryPoint\",\"urlTemplate\":\"https:\/\/redaccionjuvenil.es\/?s={search_term_string}\"},\"query-input\":{\"@type\":\"PropertyValueSpecification\",\"valueRequired\":true,\"valueName\":\"search_term_string\"}}],\"inLanguage\":\"es\"},{\"@type\":\"Organization\",\"@id\":\"https:\/\/redaccionjuvenil.es\/#organization\",\"name\":\"RED-ACCI\u00d3N JUVENIL\",\"url\":\"https:\/\/redaccionjuvenil.es\/\",\"logo\":{\"@type\":\"ImageObject\",\"inLanguage\":\"es\",\"@id\":\"https:\/\/redaccionjuvenil.es\/#\/schema\/logo\/image\/\",\"url\":\"https:\/\/redaccionjuvenil.es\/wp-content\/uploads\/2026\/03\/cropped-cropped-logo_redaccion_juvenil_primer_propuesta-1.png\",\"contentUrl\":\"https:\/\/redaccionjuvenil.es\/wp-content\/uploads\/2026\/03\/cropped-cropped-logo_redaccion_juvenil_primer_propuesta-1.png\",\"width\":723,\"height\":723,\"caption\":\"RED-ACCI\u00d3N JUVENIL\"},\"image\":{\"@id\":\"https:\/\/redaccionjuvenil.es\/#\/schema\/logo\/image\/\"}}]}<\/script>\n<!-- \/ Yoast SEO plugin. -->","yoast_head_json":{"title":"Voluntariado - RED-ACCI\u00d3N JUVENIL","robots":{"index":"index","follow":"follow","max-snippet":"max-snippet:-1","max-image-preview":"max-image-preview:large","max-video-preview":"max-video-preview:-1"},"canonical":"https:\/\/redaccionjuvenil.es\/?page_id=458","og_locale":"es_ES","og_type":"article","og_title":"Voluntariado - RED-ACCI\u00d3N JUVENIL","og_description":"\u00bfQu\u00e9 es&nbsp;el Programa de Voluntariado?&nbsp;Es un programa del Instituto de la Junta de Castilla y Le\u00f3n, dentro del Consejo&nbsp;de Juventud&nbsp;de Castilla y Le\u00f3n. Organiza actividades&nbsp;para&nbsp;los j\u00f3venes, en este caso&nbsp;iniciativas&nbsp;solidarias&nbsp;como los&nbsp;voluntariados.&nbsp;El...","og_url":"https:\/\/redaccionjuvenil.es\/?page_id=458","og_site_name":"RED-ACCI\u00d3N JUVENIL","article_modified_time":"2026-03-05T11:05:49+00:00","og_image":[{"width":640,"height":429,"url":"https:\/\/redaccionjuvenil.es\/wp-content\/uploads\/2026\/03\/voluntariado.png","type":"image\/png"}],"twitter_card":"summary_large_image","twitter_misc":{"Tiempo de lectura":"1 minuto"},"schema":{"@context":"https:\/\/schema.org","@graph":[{"@type":"WebPage","@id":"https:\/\/redaccionjuvenil.es\/?page_id=458","url":"https:\/\/redaccionjuvenil.es\/?page_id=458","name":"Voluntariado - RED-ACCI\u00d3N JUVENIL","isPartOf":{"@id":"https:\/\/redaccionjuvenil.es\/#website"},"primaryImageOfPage":{"@id":"https:\/\/redaccionjuvenil.es\/?page_id=458#primaryimage"},"image":{"@id":"https:\/\/redaccionjuvenil.es\/?page_id=458#primaryimage"},"thumbnailUrl":"https:\/\/redaccionjuvenil.es\/wp-content\/uploads\/2026\/03\/voluntariado.png","datePublished":"2026-03-05T11:05:48+00:00","dateModified":"2026-03-05T11:05:49+00:00","breadcrumb":{"@id":"https:\/\/redaccionjuvenil.es\/?page_id=458#breadcrumb"},"inLanguage":"es","potentialAction":[{"@type":"ReadAction","target":["https:\/\/redaccionjuvenil.es\/?page_id=458"]}]},{"@type":"ImageObject","inLanguage":"es","@id":"https:\/\/redaccionjuvenil.es\/?page_id=458#primaryimage","url":"https:\/\/redaccionjuvenil.es\/wp-content\/uploads\/2026\/03\/voluntariado.png","contentUrl":"https:\/\/redaccionjuvenil.es\/wp-content\/uploads\/2026\/03\/voluntariado.png","width":640,"height":429},{"@type":"BreadcrumbList","@id":"https:\/\/redaccionjuvenil.es\/?page_id=458#breadcrumb","itemListElement":[{"@type":"ListItem","position":1,"name":"Portada","item":"https:\/\/redaccionjuvenil.es\/"},{"@type":"ListItem","position":2,"name":"Voluntariado"}]},{"@type":"WebSite","@id":"https:\/\/redaccionjuvenil.es\/#website","url":"https:\/\/redaccionjuvenil.es\/","name":"RED-ACCI\u00d3N JUVENIL","description":"DONDE LA JUVENTUD INFORMA Y TRANSFORMA","publisher":{"@id":"https:\/\/redaccionjuvenil.es\/#organization"},"potentialAction":[{"@type":"SearchAction","target":{"@type":"EntryPoint","urlTemplate":"https:\/\/redaccionjuvenil.es\/?s={search_term_string}"},"query-input":{"@type":"PropertyValueSpecification","valueRequired":true,"valueName":"search_term_string"}}],"inLanguage":"es"},{"@type":"Organization","@id":"https:\/\/redaccionjuvenil.es\/#organization","name":"RED-ACCI\u00d3N JUVENIL","url":"https:\/\/redaccionjuvenil.es\/","logo":{"@type":"ImageObject","inLanguage":"es","@id":"https:\/\/redaccionjuvenil.es\/#\/schema\/logo\/image\/","url":"https:\/\/redaccionjuvenil.es\/wp-content\/uploads\/2026\/03\/cropped-cropped-logo_redaccion_juvenil_primer_propuesta-1.png","contentUrl":"https:\/\/redaccionjuvenil.es\/wp-content\/uploads\/2026\/03\/cropped-cropped-logo_redaccion_juvenil_primer_propuesta-1.png","width":723,"height":723,"caption":"RED-ACCI\u00d3N JUVENIL"},"image":{"@id":"https:\/\/redaccionjuvenil.es\/#\/schema\/logo\/image\/"}}]}},"_links":{"self":[{"href":"https:\/\/redaccionjuvenil.es\/index.php?rest_route=\/wp\/v2\/pages\/458","targetHints":{"allow":["GET"]}}],"collection":[{"href":"https:\/\/redaccionjuvenil.es\/index.php?rest_route=\/wp\/v2\/pages"}],"about":[{"href":"https:\/\/redaccionjuvenil.es\/index.php?rest_route=\/wp\/v2\/types\/page"}],"author":[{"embeddable":true,"href":"https:\/\/redaccionjuvenil.es\/index.php?rest_route=\/wp\/v2\/users\/1"}],"replies":[{"embeddable":true,"href":"https:\/\/redaccionjuvenil.es\/index.php?rest_route=%2Fwp%2Fv2%2Fcomments&post=458"}],"version-history":[{"count":1,"href":"https:\/\/redaccionjuvenil.es\/index.php?rest_route=\/wp\/v2\/pages\/458\/revisions"}],"predecessor-version":[{"id":460,"href":"https:\/\/redaccionjuvenil.es\/index.php?rest_route=\/wp\/v2\/pages\/458\/revisions\/460"}],"wp:attachment":[{"href":"https:\/\/redaccionjuvenil.es\/index.php?rest_route=%2Fwp%2Fv2%2Fmedia&parent=458"}],"curies":[{"name":"wp","href":"https:\/\/api.w.org\/{rel}","templated":true}]}}