{"id":793,"date":"2026-04-08T15:47:39","date_gmt":"2026-04-08T15:47:39","guid":{"rendered":"https:\/\/redaccionjuvenil.es\/?post_type=tribe_events&#038;p=793"},"modified":"2026-04-08T15:47:39","modified_gmt":"2026-04-08T15:47:39","slug":"celebracion-dia-de-la-tierra","status":"publish","type":"tribe_events","link":"https:\/\/redaccionjuvenil.es\/?tribe_events=celebracion-dia-de-la-tierra","title":{"rendered":"Celebraci\u00f3n D\u00eda de la Tierra"},"content":{"rendered":"<p><img loading=\"lazy\" decoding=\"async\" class=\"alignnone size-medium wp-image-795\" src=\"https:\/\/redaccionjuvenil.es\/wp-content\/uploads\/2026\/04\/makalu-colombia-4881384_1280-300x200.jpg\" alt=\"Paisaje verde con monta\u00f1as\" width=\"300\" height=\"200\" srcset=\"https:\/\/redaccionjuvenil.es\/wp-content\/uploads\/2026\/04\/makalu-colombia-4881384_1280-300x200.jpg 300w, https:\/\/redaccionjuvenil.es\/wp-content\/uploads\/2026\/04\/makalu-colombia-4881384_1280-1024x682.jpg 1024w, https:\/\/redaccionjuvenil.es\/wp-content\/uploads\/2026\/04\/makalu-colombia-4881384_1280-768x512.jpg 768w, https:\/\/redaccionjuvenil.es\/wp-content\/uploads\/2026\/04\/makalu-colombia-4881384_1280-820x545.jpg 820w, https:\/\/redaccionjuvenil.es\/wp-content\/uploads\/2026\/04\/makalu-colombia-4881384_1280-600x400.jpg 600w, https:\/\/redaccionjuvenil.es\/wp-content\/uploads\/2026\/04\/makalu-colombia-4881384_1280.jpg 1280w\" sizes=\"auto, (max-width: 300px) 100vw, 300px\" \/><\/p>\n<p>El pr\u00f3ximo 29 de abril ASPAYM Juventud celebrar\u00e1 el D\u00eda de la Tierra. La actividad ser\u00e1 de 18.00 a 20.00 horas. El lugar queda por determinar. Para m\u00e1s informaci\u00f3n, consulta las redes sociales de ASPAYM Juventud.<\/p>\n","protected":false},"excerpt":{"rendered":"<p>El pr\u00f3ximo 29 de abril ASPAYM Juventud celebrar\u00e1 el D\u00eda de la Tierra. La actividad ser\u00e1 de 18.00 a 20.00 horas. El lugar queda por determinar. Para m\u00e1s informaci\u00f3n, consulta&#8230;<\/p>\n","protected":false},"author":9,"featured_media":0,"template":"","meta":{"_kadence_starter_templates_imported_post":false,"_tribe_events_status":"","_tribe_events_status_reason":"","footnotes":""},"tags":[],"tribe_events_cat":[],"class_list":["post-793","tribe_events","type-tribe_events","status-publish","hentry"],"yoast_head":"<!-- This site is optimized with the Yoast SEO plugin v27.1.1 - https:\/\/yoast.com\/product\/yoast-seo-wordpress\/ -->\n<title>Celebraci\u00f3n D\u00eda de la Tierra - RED-ACCI\u00d3N JUVENIL<\/title>\n<meta name=\"description\" content=\"ASPAYM Juventud celebrar\u00e1 el 29 de abril el D\u00eda de la Tierra durante la tarde. El sitio est\u00e1 por determinar.\" \/>\n<meta name=\"robots\" content=\"index, follow, max-snippet:-1, max-image-preview:large, max-video-preview:-1\" \/>\n<link rel=\"canonical\" href=\"https:\/\/redaccionjuvenil.es\/?tribe_events=celebracion-dia-de-la-tierra\" \/>\n<meta property=\"og:locale\" content=\"es_ES\" \/>\n<meta property=\"og:type\" content=\"article\" \/>\n<meta property=\"og:title\" content=\"Celebraci\u00f3n D\u00eda de la Tierra - RED-ACCI\u00d3N JUVENIL\" \/>\n<meta property=\"og:description\" content=\"ASPAYM Juventud celebrar\u00e1 el 29 de abril el D\u00eda de la Tierra durante la tarde. El sitio est\u00e1 por determinar.\" \/>\n<meta property=\"og:url\" content=\"https:\/\/redaccionjuvenil.es\/?tribe_events=celebracion-dia-de-la-tierra\" \/>\n<meta property=\"og:site_name\" content=\"RED-ACCI\u00d3N JUVENIL\" \/>\n<meta property=\"og:image\" content=\"https:\/\/redaccionjuvenil.es\/wp-content\/uploads\/2026\/04\/makalu-colombia-4881384_1280.jpg\" \/>\n\t<meta property=\"og:image:width\" content=\"1280\" \/>\n\t<meta property=\"og:image:height\" content=\"853\" \/>\n\t<meta property=\"og:image:type\" content=\"image\/jpeg\" \/>\n<meta name=\"twitter:card\" content=\"summary_large_image\" \/>\n<meta name=\"twitter:label1\" content=\"Tiempo de lectura\" \/>\n\t<meta name=\"twitter:data1\" content=\"1 minuto\" \/>\n<script type=\"application\/ld+json\" class=\"yoast-schema-graph\">{\"@context\":\"https:\/\/schema.org\",\"@graph\":[{\"@type\":\"WebPage\",\"@id\":\"https:\/\/redaccionjuvenil.es\/?tribe_events=celebracion-dia-de-la-tierra\",\"url\":\"https:\/\/redaccionjuvenil.es\/?tribe_events=celebracion-dia-de-la-tierra\",\"name\":\"Celebraci\u00f3n D\u00eda de la Tierra - RED-ACCI\u00d3N JUVENIL\",\"isPartOf\":{\"@id\":\"https:\/\/redaccionjuvenil.es\/#website\"},\"primaryImageOfPage\":{\"@id\":\"https:\/\/redaccionjuvenil.es\/?tribe_events=celebracion-dia-de-la-tierra#primaryimage\"},\"image\":{\"@id\":\"https:\/\/redaccionjuvenil.es\/?tribe_events=celebracion-dia-de-la-tierra#primaryimage\"},\"thumbnailUrl\":\"https:\/\/redaccionjuvenil.es\/wp-content\/uploads\/2026\/04\/makalu-colombia-4881384_1280-300x200.jpg\",\"datePublished\":\"2026-04-08T15:47:39+00:00\",\"description\":\"ASPAYM Juventud celebrar\u00e1 el 29 de abril el D\u00eda de la Tierra durante la tarde. El sitio est\u00e1 por determinar.\",\"breadcrumb\":{\"@id\":\"https:\/\/redaccionjuvenil.es\/?tribe_events=celebracion-dia-de-la-tierra#breadcrumb\"},\"inLanguage\":\"es\",\"potentialAction\":[{\"@type\":\"ReadAction\",\"target\":[\"https:\/\/redaccionjuvenil.es\/?tribe_events=celebracion-dia-de-la-tierra\"]}]},{\"@type\":\"ImageObject\",\"inLanguage\":\"es\",\"@id\":\"https:\/\/redaccionjuvenil.es\/?tribe_events=celebracion-dia-de-la-tierra#primaryimage\",\"url\":\"https:\/\/redaccionjuvenil.es\/wp-content\/uploads\/2026\/04\/makalu-colombia-4881384_1280.jpg\",\"contentUrl\":\"https:\/\/redaccionjuvenil.es\/wp-content\/uploads\/2026\/04\/makalu-colombia-4881384_1280.jpg\",\"width\":1280,\"height\":853,\"caption\":\"Paisaje verde con monta\u00f1as\"},{\"@type\":\"BreadcrumbList\",\"@id\":\"https:\/\/redaccionjuvenil.es\/?tribe_events=celebracion-dia-de-la-tierra#breadcrumb\",\"itemListElement\":[{\"@type\":\"ListItem\",\"position\":1,\"name\":\"Portada\",\"item\":\"https:\/\/redaccionjuvenil.es\/\"},{\"@type\":\"ListItem\",\"position\":2,\"name\":\"Eventos\",\"item\":\"https:\/\/redaccionjuvenil.es\/?post_type=tribe_events\"},{\"@type\":\"ListItem\",\"position\":3,\"name\":\"Celebraci\u00f3n D\u00eda de la Tierra\"}]},{\"@type\":\"WebSite\",\"@id\":\"https:\/\/redaccionjuvenil.es\/#website\",\"url\":\"https:\/\/redaccionjuvenil.es\/\",\"name\":\"RED-ACCI\u00d3N JUVENIL\",\"description\":\"DONDE LA JUVENTUD INFORMA Y TRANSFORMA\",\"publisher\":{\"@id\":\"https:\/\/redaccionjuvenil.es\/#organization\"},\"potentialAction\":[{\"@type\":\"SearchAction\",\"target\":{\"@type\":\"EntryPoint\",\"urlTemplate\":\"https:\/\/redaccionjuvenil.es\/?s={search_term_string}\"},\"query-input\":{\"@type\":\"PropertyValueSpecification\",\"valueRequired\":true,\"valueName\":\"search_term_string\"}}],\"inLanguage\":\"es\"},{\"@type\":\"Organization\",\"@id\":\"https:\/\/redaccionjuvenil.es\/#organization\",\"name\":\"RED-ACCI\u00d3N JUVENIL\",\"url\":\"https:\/\/redaccionjuvenil.es\/\",\"logo\":{\"@type\":\"ImageObject\",\"inLanguage\":\"es\",\"@id\":\"https:\/\/redaccionjuvenil.es\/#\/schema\/logo\/image\/\",\"url\":\"https:\/\/redaccionjuvenil.es\/wp-content\/uploads\/2026\/03\/cropped-cropped-logo_redaccion_juvenil_primer_propuesta-1.png\",\"contentUrl\":\"https:\/\/redaccionjuvenil.es\/wp-content\/uploads\/2026\/03\/cropped-cropped-logo_redaccion_juvenil_primer_propuesta-1.png\",\"width\":723,\"height\":723,\"caption\":\"RED-ACCI\u00d3N JUVENIL\"},\"image\":{\"@id\":\"https:\/\/redaccionjuvenil.es\/#\/schema\/logo\/image\/\"}}]}<\/script>\n<!-- \/ Yoast SEO plugin. -->","yoast_head_json":{"title":"Celebraci\u00f3n D\u00eda de la Tierra - RED-ACCI\u00d3N JUVENIL","description":"ASPAYM Juventud celebrar\u00e1 el 29 de abril el D\u00eda de la Tierra durante la tarde. El sitio est\u00e1 por determinar.","robots":{"index":"index","follow":"follow","max-snippet":"max-snippet:-1","max-image-preview":"max-image-preview:large","max-video-preview":"max-video-preview:-1"},"canonical":"https:\/\/redaccionjuvenil.es\/?tribe_events=celebracion-dia-de-la-tierra","og_locale":"es_ES","og_type":"article","og_title":"Celebraci\u00f3n D\u00eda de la Tierra - RED-ACCI\u00d3N JUVENIL","og_description":"ASPAYM Juventud celebrar\u00e1 el 29 de abril el D\u00eda de la Tierra durante la tarde. El sitio est\u00e1 por determinar.","og_url":"https:\/\/redaccionjuvenil.es\/?tribe_events=celebracion-dia-de-la-tierra","og_site_name":"RED-ACCI\u00d3N JUVENIL","og_image":[{"width":1280,"height":853,"url":"https:\/\/redaccionjuvenil.es\/wp-content\/uploads\/2026\/04\/makalu-colombia-4881384_1280.jpg","type":"image\/jpeg"}],"twitter_card":"summary_large_image","twitter_misc":{"Tiempo de lectura":"1 minuto"},"schema":{"@context":"https:\/\/schema.org","@graph":[{"@type":"WebPage","@id":"https:\/\/redaccionjuvenil.es\/?tribe_events=celebracion-dia-de-la-tierra","url":"https:\/\/redaccionjuvenil.es\/?tribe_events=celebracion-dia-de-la-tierra","name":"Celebraci\u00f3n D\u00eda de la Tierra - RED-ACCI\u00d3N JUVENIL","isPartOf":{"@id":"https:\/\/redaccionjuvenil.es\/#website"},"primaryImageOfPage":{"@id":"https:\/\/redaccionjuvenil.es\/?tribe_events=celebracion-dia-de-la-tierra#primaryimage"},"image":{"@id":"https:\/\/redaccionjuvenil.es\/?tribe_events=celebracion-dia-de-la-tierra#primaryimage"},"thumbnailUrl":"https:\/\/redaccionjuvenil.es\/wp-content\/uploads\/2026\/04\/makalu-colombia-4881384_1280-300x200.jpg","datePublished":"2026-04-08T15:47:39+00:00","description":"ASPAYM Juventud celebrar\u00e1 el 29 de abril el D\u00eda de la Tierra durante la tarde. El sitio est\u00e1 por determinar.","breadcrumb":{"@id":"https:\/\/redaccionjuvenil.es\/?tribe_events=celebracion-dia-de-la-tierra#breadcrumb"},"inLanguage":"es","potentialAction":[{"@type":"ReadAction","target":["https:\/\/redaccionjuvenil.es\/?tribe_events=celebracion-dia-de-la-tierra"]}]},{"@type":"ImageObject","inLanguage":"es","@id":"https:\/\/redaccionjuvenil.es\/?tribe_events=celebracion-dia-de-la-tierra#primaryimage","url":"https:\/\/redaccionjuvenil.es\/wp-content\/uploads\/2026\/04\/makalu-colombia-4881384_1280.jpg","contentUrl":"https:\/\/redaccionjuvenil.es\/wp-content\/uploads\/2026\/04\/makalu-colombia-4881384_1280.jpg","width":1280,"height":853,"caption":"Paisaje verde con monta\u00f1as"},{"@type":"BreadcrumbList","@id":"https:\/\/redaccionjuvenil.es\/?tribe_events=celebracion-dia-de-la-tierra#breadcrumb","itemListElement":[{"@type":"ListItem","position":1,"name":"Portada","item":"https:\/\/redaccionjuvenil.es\/"},{"@type":"ListItem","position":2,"name":"Eventos","item":"https:\/\/redaccionjuvenil.es\/?post_type=tribe_events"},{"@type":"ListItem","position":3,"name":"Celebraci\u00f3n D\u00eda de la Tierra"}]},{"@type":"WebSite","@id":"https:\/\/redaccionjuvenil.es\/#website","url":"https:\/\/redaccionjuvenil.es\/","name":"RED-ACCI\u00d3N JUVENIL","description":"DONDE LA JUVENTUD INFORMA Y TRANSFORMA","publisher":{"@id":"https:\/\/redaccionjuvenil.es\/#organization"},"potentialAction":[{"@type":"SearchAction","target":{"@type":"EntryPoint","urlTemplate":"https:\/\/redaccionjuvenil.es\/?s={search_term_string}"},"query-input":{"@type":"PropertyValueSpecification","valueRequired":true,"valueName":"search_term_string"}}],"inLanguage":"es"},{"@type":"Organization","@id":"https:\/\/redaccionjuvenil.es\/#organization","name":"RED-ACCI\u00d3N JUVENIL","url":"https:\/\/redaccionjuvenil.es\/","logo":{"@type":"ImageObject","inLanguage":"es","@id":"https:\/\/redaccionjuvenil.es\/#\/schema\/logo\/image\/","url":"https:\/\/redaccionjuvenil.es\/wp-content\/uploads\/2026\/03\/cropped-cropped-logo_redaccion_juvenil_primer_propuesta-1.png","contentUrl":"https:\/\/redaccionjuvenil.es\/wp-content\/uploads\/2026\/03\/cropped-cropped-logo_redaccion_juvenil_primer_propuesta-1.png","width":723,"height":723,"caption":"RED-ACCI\u00d3N JUVENIL"},"image":{"@id":"https:\/\/redaccionjuvenil.es\/#\/schema\/logo\/image\/"}}]}},"_links":{"self":[{"href":"https:\/\/redaccionjuvenil.es\/index.php?rest_route=\/wp\/v2\/tribe_events\/793","targetHints":{"allow":["GET"]}}],"collection":[{"href":"https:\/\/redaccionjuvenil.es\/index.php?rest_route=\/wp\/v2\/tribe_events"}],"about":[{"href":"https:\/\/redaccionjuvenil.es\/index.php?rest_route=\/wp\/v2\/types\/tribe_events"}],"author":[{"embeddable":true,"href":"https:\/\/redaccionjuvenil.es\/index.php?rest_route=\/wp\/v2\/users\/9"}],"version-history":[{"count":2,"href":"https:\/\/redaccionjuvenil.es\/index.php?rest_route=\/wp\/v2\/tribe_events\/793\/revisions"}],"predecessor-version":[{"id":797,"href":"https:\/\/redaccionjuvenil.es\/index.php?rest_route=\/wp\/v2\/tribe_events\/793\/revisions\/797"}],"wp:attachment":[{"href":"https:\/\/redaccionjuvenil.es\/index.php?rest_route=%2Fwp%2Fv2%2Fmedia&parent=793"}],"wp:term":[{"taxonomy":"post_tag","embeddable":true,"href":"https:\/\/redaccionjuvenil.es\/index.php?rest_route=%2Fwp%2Fv2%2Ftags&post=793"},{"taxonomy":"tribe_events_cat","embeddable":true,"href":"https:\/\/redaccionjuvenil.es\/index.php?rest_route=%2Fwp%2Fv2%2Ftribe_events_cat&post=793"}],"curies":[{"name":"wp","href":"https:\/\/api.w.org\/{rel}","templated":true}]}}